{"id":5867,"date":"2011-07-11T12:18:12","date_gmt":"2011-07-11T11:18:12","guid":{"rendered":"https:\/\/www.guillaumeverdier.com\/projects\/2011-ac72-team-new-zealand\/"},"modified":"2019-09-30T16:21:34","modified_gmt":"2019-09-30T15:21:34","slug":"2011-ac72-team-new-zealand","status":"publish","type":"portfolio","link":"https:\/\/www.guillaumeverdier.com\/en\/projects\/2011-ac72-team-new-zealand\/","title":{"rendered":"2011 &#8211; AC72 &#8211; Team New Zealand"},"content":{"rendered":"\n<style type=\"text\/css\" data-created_by=\"avia_inline_auto\" id=\"style-css-av-gwk1z-5a0c0de9cc3547ac979ae5f2a6d8926c\">\n.flex_column.av-gwk1z-5a0c0de9cc3547ac979ae5f2a6d8926c{\nborder-radius:0px 0px 0px 0px;\npadding:0px 0px 0px 0px;\n}\n<\/style>\n<div  class='flex_column av-gwk1z-5a0c0de9cc3547ac979ae5f2a6d8926c av_one_full  avia-builder-el-0  el_before_av_one_full  avia-builder-el-first  first flex_column_div av-zero-column-padding  '     ><section  class='av_textblock_section av-7fve7-66bc9c57420239096f170e47517772d4 '   itemscope=\"itemscope\" itemtype=\"https:\/\/schema.org\/CreativeWork\" ><div class='avia_textblock'  itemprop=\"text\" ><h2>Conception d&#8217;un AC72 pour Team New Zealand, en lice pour\u00a0la 34\u00e8me Coupe de l&#8217;America<\/h2>\n<p><em><span style=\"color: #999999;\">Ann\u00e9es de construction : 2011 &#8211; 2012<\/span><\/em><br \/>\n<em><span style=\"color: #999999;\"> Chantier : New Zealand<\/span><\/em><br \/>\n<em><span style=\"color: #999999;\"> Collaboration : Guillaume Verdier &#8211; Herv\u00e9 Penfornis &#8211; Romaric Neyhousser &#8211; Benjamin Muyl<\/span><\/em><br \/>\n<em><span style=\"color: #999999;\"> Programme de course : 34\u00e8me course de l&#8217;America&#8217;s Cup<\/span><\/em><\/p>\n<p><strong>Palmar\u00e8s\u00a0<\/strong><\/p>\n<ul>\n<li>Vainqueur de la Louis Vuitton Cup 2013<\/li>\n<li>2\u00e8me (apr\u00e8s Oracle) sur la 34\u00e8me coupe de l&#8217;America<\/li>\n<\/ul>\n<hr \/>\n<p><a href=\"http:\/\/guillaumeverdier.com\/wp-content\/uploads\/2012\/10\/team_new_zealand_ac72_2.jpg\"><img loading=\"lazy\" decoding=\"async\" class=\"aligncenter wp-image-611 size-full\" src=\"http:\/\/www.guillaumeverdier.com\/wp-content\/uploads\/2012\/10\/team_new_zealand_ac72_2.jpg\" alt=\"team new zeland - AC72 - Plan verdier\" width=\"510\" height=\"271\" \/><\/a><\/p>\n<p><span id=\"result_box\" lang=\"fr\"><span class=\"hps atn\">L&#8217;<\/span>AC72 <span class=\"hps\">est un catamaran<\/span> <span class=\"hps\">de 72 pieds<\/span> dot\u00e9 d&#8217;<span class=\"hps\">une<\/span> <span class=\"hps\">voilure \u00e0 aile rigide<\/span>. <span class=\"hps\">Les AC72 courent la<\/span> <span class=\"hps\">34e<\/span> <span class=\"hps\">Coupe de l&#8217;America<\/span> <span class=\"hps\">en 2013<\/span>, et <span class=\"hps\">la Louis<\/span> <span class=\"hps\">Vuitton&#8217;s Cup<\/span>, qui s\u00e9lectionne <span class=\"hps\">le<\/span> <span class=\"hps\">Challenger<\/span> <span class=\"hps\">pour l&#8217;America&#8217;s Cup<\/span><span class=\"hps\">.<\/span><\/span><\/p>\n<p><span class=\"hps\">La conception et la construction<\/span> <span class=\"hps\">du bateau\u00a0commencent en<\/span>\u00a0<span class=\"hps\">2011<\/span>. Guillaume Verdier, ainsi que ses collaborateurs Benjamin Muyl, Herv\u00e9 Penfornis et Romaric Neyhousser, ont int\u00e9gr\u00e9 le Team en tant qu&#8217;architectes.<\/p>\n<p><span id=\"result_box\" lang=\"fr\"><span id=\"result_box\" lang=\"fr\"><span class=\"hps atn\">Chaque \u00e9quipe est libre dans le choix des coques et de la voilure dans les limites des r\u00e8gles de la classe. <\/span><\/span><\/span><\/p>\n<p><span id=\"result_box\" lang=\"fr\"><span id=\"result_box\" lang=\"fr\"><span class=\"hps\">Le Team Emirates New Zealand commande\u00a0<\/span><span class=\"hps\">deux<\/span> <span class=\"hps\">AC72.\u00a0<\/span> <span class=\"hps\">Le premier bateau construit est\u00a0gard\u00e9 en r\u00e9serve<\/span>. Il<\/span><\/span>\u00a0est r\u00e9v\u00e9l\u00e9 le 21 juillet 2012.<span id=\"result_box\" lang=\"fr\"><span id=\"result_box\" lang=\"fr\"><br \/>\n<\/span><\/span><\/p>\n<hr \/>\n<h4>\u00a0<strong>Le AC72 &#8211; Team New Zealand, en Vid\u00e9o :<\/strong><\/h4>\n<h6><iframe loading=\"lazy\" src=\"\/\/www.youtube.com\/embed\/6755omJpxSI?list=UUc36Cbub8hJ8wwc8xlPba2w\" width=\"560\" height=\"315\" frameborder=\"0\" allowfullscreen=\"allowfullscreen\"><\/iframe><\/h6>\n<h4>Chaine Vid\u00e9o du<a href=\"https:\/\/www.youtube.com\/user\/EmTeamNZ\/videos\" target=\"_blank\" rel=\"noopener noreferrer\"> Team New Zeland &gt;&gt;<\/a><\/h4>\n<hr \/>\n<h5><span style=\"text-decoration: underline;\">\u00a0<strong>Articles li\u00e9s\u00a0:<\/strong><\/span><\/h5>\n<h5><a title=\"Guillaume Verdier int\u00e8gre le Team New Zealand\" href=\"http:\/\/guillaumeverdier.com\/guillaume-verdier-integre-le-team-new-zealand\/\" target=\"_blank\" rel=\"noopener noreferrer\">Guillaume Verdier int\u00e8gre le Team New Zeland &gt;&gt;<\/a><\/h5>\n<h5><a title=\"America\u2019s Cup. New Zealand\u2019 Baptis\u00e9 \u00e1 Auckland\" href=\"http:\/\/guillaumeverdier.com\/americas-cup-new-zealand-baptise-a-auckland\/\" target=\"_blank\" rel=\"noopener noreferrer\">AC72 Team New Zeland, baptis\u00e9 \u00e0 Auckland &gt;&gt;<\/a><\/h5>\n<h5><a title=\"Emirates Team New Zealand vainqueur de la Louis Vuitton Cup pour la seconde fois cons\u00e9cutive !\" href=\"http:\/\/guillaumeverdier.com\/emirates-team-new-zealand-vainqueur-de-la-louis-vuitton-cup\/\" target=\"_blank\" rel=\"noopener noreferrer\">Victoire du Team New Zeland sur la Louis Vuitton&#8217;s Cup &gt;&gt;<\/a><\/h5>\n<h5><\/h5>\n<\/div><\/section><\/div>\n\n<style type=\"text\/css\" data-created_by=\"avia_inline_auto\" id=\"style-css-av-1zsyb7-f892f746058a4b113e0a37509ffe3de8\">\n.flex_column.av-1zsyb7-f892f746058a4b113e0a37509ffe3de8{\nborder-radius:0px 0px 0px 0px;\npadding:0px 0px 0px 0px;\n}\n<\/style>\n<div  class='flex_column av-1zsyb7-f892f746058a4b113e0a37509ffe3de8 av_one_full  avia-builder-el-2  el_after_av_one_full  avia-builder-el-last  first flex_column_div av-zero-column-padding  column-top-margin'     ><p>\n<style type=\"text\/css\" data-created_by=\"avia_inline_auto\" id=\"style-css-av-k16k8vjz-de031110a517d4e7e7a61b9e84c120f8\">\n#top .av-special-heading.av-k16k8vjz-de031110a517d4e7e7a61b9e84c120f8{\npadding-bottom:10px;\n}\nbody .av-special-heading.av-k16k8vjz-de031110a517d4e7e7a61b9e84c120f8 .av-special-heading-tag .heading-char{\nfont-size:25px;\n}\n.av-special-heading.av-k16k8vjz-de031110a517d4e7e7a61b9e84c120f8 .av-subheading{\nfont-size:15px;\n}\n<\/style>\n<div  class='av-special-heading av-k16k8vjz-de031110a517d4e7e7a61b9e84c120f8 av-special-heading-h2 blockquote modern-quote modern-centered  avia-builder-el-3  el_before_av_hr  avia-builder-el-first  av-thin-font'><h2 class='av-special-heading-tag '  itemprop=\"headline\"  >More projects <strong>AMERICA\u2019S CUP<\/strong> :<\/h2><div class=\"special-heading-border\"><div class=\"special-heading-inner-border\"><\/div><\/div><\/div><br \/>\n\n<style type=\"text\/css\" data-created_by=\"avia_inline_auto\" id=\"style-css-av-k0gnkzod-0d708f199f774deb78befb38ba27f8e3\">\n#top .hr.hr-invisible.av-k0gnkzod-0d708f199f774deb78befb38ba27f8e3{\nheight:50px;\n}\n<\/style>\n<div  class='hr av-k0gnkzod-0d708f199f774deb78befb38ba27f8e3 hr-invisible  avia-builder-el-4  el_after_av_heading  el_before_av_masonry_entries  avia-builder-el-last '><span class='hr-inner '><span class=\"hr-inner-style\"><\/span><\/span><\/div><br \/>\n<div id='av-masonry-1' class='av-masonry av-k0gn18yx-222fc91fa7dee9f1ec76d42c52961d1c noHover av-fixed-size av-large-gap av-hover-overlay-active av-masonry-animation- av-masonry-col-3 av-caption-on-hover av-caption-style-overlay av-masonry-entries ' data-post_id=\"5867\"><div class=\"av-masonry-container isotope av-js-disabled\"><div class='av-masonry-entry isotope-item av-masonry-item-no-image '><\/div><a href=\"https:\/\/www.guillaumeverdier.com\/en\/projects\/2018-ac-75-emirates-team-new-zeland\/\"  id='av-masonry-1-item-5666' data-av-masonry-item='5666' class='av-masonry-entry isotope-item post-5666 portfolio type-portfolio status-publish has-post-thumbnail hentry portfolio_entries-america-cup  av-masonry-item-with-image' title=\"ETNZ_HH-19054\"   itemscope=\"itemscope\" itemtype=\"https:\/\/schema.org\/CreativeWork\" ><div class='av-inner-masonry-sizer'><\/div><figure class='av-inner-masonry main_color'><div class=\"av-masonry-outerimage-container\"><div class='av-masonry-image-container' style=\"background-image: url(https:\/\/www.guillaumeverdier.com\/wp-content\/uploads\/2023\/02\/ETNZ_HH-19054-471x705.jpg);\"  title=\"ETNZ_HH-19054\" ><\/div><\/div><figcaption class='av-inner-masonry-content site-background'><div class='av-inner-masonry-content-pos'><div class='av-inner-masonry-content-pos-content'><div class='avia-arrow'><\/div><h3 class='av-masonry-entry-title entry-title '  itemprop=\"headline\" >2021 &#8211; AC 75 &#8211; Emirates Team New Zeland<\/h3><\/div><\/div><\/figcaption><\/figure><\/a><!--end av-masonry entry--><a href=\"https:\/\/www.guillaumeverdier.com\/en\/projects\/2016-ac-50-team-new-zealand\/\"  id='av-masonry-1-item-5712' data-av-masonry-item='5712' class='av-masonry-entry isotope-item post-5712 portfolio type-portfolio status-publish hentry portfolio_entries-america-cup  av-masonry-item-no-image' title=\"2017 &#8211; AC 50 &#8211; Team New Zealand\"   itemscope=\"itemscope\" itemtype=\"https:\/\/schema.org\/CreativeWork\" ><div class='av-inner-masonry-sizer'><\/div><figure class='av-inner-masonry main_color'><figcaption class='av-inner-masonry-content site-background'><div class='av-inner-masonry-content-pos'><div class='av-inner-masonry-content-pos-content'><div class='avia-arrow'><\/div><h3 class='av-masonry-entry-title entry-title '  itemprop=\"headline\" >2017 &#8211; AC 50 &#8211; Team New Zealand<\/h3><\/div><\/div><\/figcaption><\/figure><\/a><!--end av-masonry entry--><a href=\"https:\/\/www.guillaumeverdier.com\/en\/projects\/2013-class-c-groupama\/\"  id='av-masonry-1-item-5849' data-av-masonry-item='5849' class='av-masonry-entry isotope-item post-5849 portfolio type-portfolio status-publish hentry portfolio_entries-america-cup  av-masonry-item-no-image' title=\"2013 &#8211; CLASS C &#8211; Groupama\"   itemscope=\"itemscope\" itemtype=\"https:\/\/schema.org\/CreativeWork\" ><div class='av-inner-masonry-sizer'><\/div><figure class='av-inner-masonry main_color'><figcaption class='av-inner-masonry-content site-background'><div class='av-inner-masonry-content-pos'><div class='av-inner-masonry-content-pos-content'><div class='avia-arrow'><\/div><h3 class='av-masonry-entry-title entry-title '  itemprop=\"headline\" >2013 &#8211; CLASS C &#8211; Groupama<\/h3><\/div><\/div><\/figcaption><\/figure><\/a><!--end av-masonry entry--><a href=\"https:\/\/www.guillaumeverdier.com\/en\/projects\/2011-ac72-team-new-zealand\/\"  id='av-masonry-1-item-5867' data-av-masonry-item='5867' class='av-masonry-entry isotope-item post-5867 portfolio type-portfolio status-publish hentry portfolio_entries-america-cup  av-masonry-item-no-image' title=\"2011 &#8211; AC72 &#8211; Team New Zealand\"   itemscope=\"itemscope\" itemtype=\"https:\/\/schema.org\/CreativeWork\" ><div class='av-inner-masonry-sizer'><\/div><figure class='av-inner-masonry main_color'><figcaption class='av-inner-masonry-content site-background'><div class='av-inner-masonry-content-pos'><div class='av-inner-masonry-content-pos-content'><div class='avia-arrow'><\/div><h3 class='av-masonry-entry-title entry-title '  itemprop=\"headline\" >2011 &#8211; AC72 &#8211; Team New Zealand<\/h3><\/div><\/div><\/figcaption><\/figure><\/a><!--end av-masonry entry--><\/div><\/div><\/p><\/div>\n","protected":false},"excerpt":{"rendered":"","protected":false},"author":7,"featured_media":0,"comment_status":"closed","ping_status":"closed","template":"","meta":{"footnotes":""},"tags":[],"portfolio_entries":[232],"class_list":["post-5867","portfolio","type-portfolio","status-publish","hentry","portfolio_entries-america-cup"],"yoast_head":"<!-- This site is optimized with the Yoast SEO plugin v26.8 - https:\/\/yoast.com\/product\/yoast-seo-wordpress\/ -->\n<title>2011 - AC72 - Team New Zealand - Plan Verdier<\/title>\n<meta name=\"description\" content=\"La conception et la construction du AC72 Team New Zealand a commenc\u00e9 en 2011. Guillaume Verdier a int\u00e9gr\u00e9 le Team en tant qu&#039;architecte et son \u00e9quipe, Benjamin Muyl, Herv\u00e9 Penfornis et Romaric Neyhousser a pu le suivre.\" \/>\n<meta name=\"robots\" content=\"index, follow, max-snippet:-1, max-image-preview:large, max-video-preview:-1\" \/>\n<link rel=\"canonical\" href=\"https:\/\/www.guillaumeverdier.com\/en\/projects\/2011-ac72-team-new-zealand\/\" \/>\n<meta property=\"og:locale\" content=\"en_US\" \/>\n<meta property=\"og:type\" content=\"article\" \/>\n<meta property=\"og:title\" content=\"2011 - AC72 - Team New Zealand - Plan Verdier\" \/>\n<meta property=\"og:description\" content=\"La conception et la construction du AC72 Team New Zealand a commenc\u00e9 en 2011. Guillaume Verdier a int\u00e9gr\u00e9 le Team en tant qu&#039;architecte et son \u00e9quipe, Benjamin Muyl, Herv\u00e9 Penfornis et Romaric Neyhousser a pu le suivre.\" \/>\n<meta property=\"og:url\" content=\"https:\/\/www.guillaumeverdier.com\/en\/projects\/2011-ac72-team-new-zealand\/\" \/>\n<meta property=\"og:site_name\" content=\"Guillaume Verdier\" \/>\n<meta property=\"article:modified_time\" content=\"2019-09-30T15:21:34+00:00\" \/>\n<meta property=\"og:image\" content=\"https:\/\/www.guillaumeverdier.com\/wp-content\/uploads\/2011\/07\/Team-New-Zeland-CC120906-030.jpg\" \/>\n\t<meta property=\"og:image:width\" content=\"691\" \/>\n\t<meta property=\"og:image:height\" content=\"432\" \/>\n\t<meta property=\"og:image:type\" content=\"image\/jpeg\" \/>\n<meta name=\"twitter:label1\" content=\"Est. reading time\" \/>\n\t<meta name=\"twitter:data1\" content=\"4 minutes\" \/>\n<script type=\"application\/ld+json\" class=\"yoast-schema-graph\">{\"@context\":\"https:\/\/schema.org\",\"@graph\":[{\"@type\":\"WebPage\",\"@id\":\"https:\/\/www.guillaumeverdier.com\/en\/projects\/2011-ac72-team-new-zealand\/\",\"url\":\"https:\/\/www.guillaumeverdier.com\/en\/projects\/2011-ac72-team-new-zealand\/\",\"name\":\"2011 - AC72 - Team New Zealand - Plan Verdier\",\"isPartOf\":{\"@id\":\"https:\/\/www.guillaumeverdier.com\/#website\"},\"primaryImageOfPage\":{\"@id\":\"https:\/\/www.guillaumeverdier.com\/en\/projects\/2011-ac72-team-new-zealand\/#primaryimage\"},\"image\":{\"@id\":\"https:\/\/www.guillaumeverdier.com\/en\/projects\/2011-ac72-team-new-zealand\/#primaryimage\"},\"thumbnailUrl\":\"http:\/\/www.guillaumeverdier.com\/wp-content\/uploads\/2012\/10\/team_new_zealand_ac72_2.jpg\",\"datePublished\":\"2011-07-11T11:18:12+00:00\",\"dateModified\":\"2019-09-30T15:21:34+00:00\",\"description\":\"La conception et la construction du AC72 Team New Zealand a commenc\u00e9 en 2011. Guillaume Verdier a int\u00e9gr\u00e9 le Team en tant qu'architecte et son \u00e9quipe, Benjamin Muyl, Herv\u00e9 Penfornis et Romaric Neyhousser a pu le suivre.\",\"breadcrumb\":{\"@id\":\"https:\/\/www.guillaumeverdier.com\/en\/projects\/2011-ac72-team-new-zealand\/#breadcrumb\"},\"inLanguage\":\"en-US\",\"potentialAction\":[{\"@type\":\"ReadAction\",\"target\":[\"https:\/\/www.guillaumeverdier.com\/en\/projects\/2011-ac72-team-new-zealand\/\"]}]},{\"@type\":\"ImageObject\",\"inLanguage\":\"en-US\",\"@id\":\"https:\/\/www.guillaumeverdier.com\/en\/projects\/2011-ac72-team-new-zealand\/#primaryimage\",\"url\":\"http:\/\/www.guillaumeverdier.com\/wp-content\/uploads\/2012\/10\/team_new_zealand_ac72_2.jpg\",\"contentUrl\":\"http:\/\/www.guillaumeverdier.com\/wp-content\/uploads\/2012\/10\/team_new_zealand_ac72_2.jpg\"},{\"@type\":\"BreadcrumbList\",\"@id\":\"https:\/\/www.guillaumeverdier.com\/en\/projects\/2011-ac72-team-new-zealand\/#breadcrumb\",\"itemListElement\":[{\"@type\":\"ListItem\",\"position\":1,\"name\":\"Accueil\",\"item\":\"https:\/\/www.guillaumeverdier.com\/en\/\"},{\"@type\":\"ListItem\",\"position\":2,\"name\":\"2011 &#8211; AC72 &#8211; Team New Zealand\"}]},{\"@type\":\"WebSite\",\"@id\":\"https:\/\/www.guillaumeverdier.com\/#website\",\"url\":\"https:\/\/www.guillaumeverdier.com\/\",\"name\":\"Guillaume Verdier\",\"description\":\"Architecture Navale\",\"potentialAction\":[{\"@type\":\"SearchAction\",\"target\":{\"@type\":\"EntryPoint\",\"urlTemplate\":\"https:\/\/www.guillaumeverdier.com\/?s={search_term_string}\"},\"query-input\":{\"@type\":\"PropertyValueSpecification\",\"valueRequired\":true,\"valueName\":\"search_term_string\"}}],\"inLanguage\":\"en-US\"}]}<\/script>\n<!-- \/ Yoast SEO plugin. -->","yoast_head_json":{"title":"2011 - AC72 - Team New Zealand - Plan Verdier","description":"La conception et la construction du AC72 Team New Zealand a commenc\u00e9 en 2011. Guillaume Verdier a int\u00e9gr\u00e9 le Team en tant qu'architecte et son \u00e9quipe, Benjamin Muyl, Herv\u00e9 Penfornis et Romaric Neyhousser a pu le suivre.","robots":{"index":"index","follow":"follow","max-snippet":"max-snippet:-1","max-image-preview":"max-image-preview:large","max-video-preview":"max-video-preview:-1"},"canonical":"https:\/\/www.guillaumeverdier.com\/en\/projects\/2011-ac72-team-new-zealand\/","og_locale":"en_US","og_type":"article","og_title":"2011 - AC72 - Team New Zealand - Plan Verdier","og_description":"La conception et la construction du AC72 Team New Zealand a commenc\u00e9 en 2011. Guillaume Verdier a int\u00e9gr\u00e9 le Team en tant qu'architecte et son \u00e9quipe, Benjamin Muyl, Herv\u00e9 Penfornis et Romaric Neyhousser a pu le suivre.","og_url":"https:\/\/www.guillaumeverdier.com\/en\/projects\/2011-ac72-team-new-zealand\/","og_site_name":"Guillaume Verdier","article_modified_time":"2019-09-30T15:21:34+00:00","og_image":[{"width":691,"height":432,"url":"https:\/\/www.guillaumeverdier.com\/wp-content\/uploads\/2011\/07\/Team-New-Zeland-CC120906-030.jpg","type":"image\/jpeg"}],"twitter_misc":{"Est. reading time":"4 minutes"},"schema":{"@context":"https:\/\/schema.org","@graph":[{"@type":"WebPage","@id":"https:\/\/www.guillaumeverdier.com\/en\/projects\/2011-ac72-team-new-zealand\/","url":"https:\/\/www.guillaumeverdier.com\/en\/projects\/2011-ac72-team-new-zealand\/","name":"2011 - AC72 - Team New Zealand - Plan Verdier","isPartOf":{"@id":"https:\/\/www.guillaumeverdier.com\/#website"},"primaryImageOfPage":{"@id":"https:\/\/www.guillaumeverdier.com\/en\/projects\/2011-ac72-team-new-zealand\/#primaryimage"},"image":{"@id":"https:\/\/www.guillaumeverdier.com\/en\/projects\/2011-ac72-team-new-zealand\/#primaryimage"},"thumbnailUrl":"http:\/\/www.guillaumeverdier.com\/wp-content\/uploads\/2012\/10\/team_new_zealand_ac72_2.jpg","datePublished":"2011-07-11T11:18:12+00:00","dateModified":"2019-09-30T15:21:34+00:00","description":"La conception et la construction du AC72 Team New Zealand a commenc\u00e9 en 2011. Guillaume Verdier a int\u00e9gr\u00e9 le Team en tant qu'architecte et son \u00e9quipe, Benjamin Muyl, Herv\u00e9 Penfornis et Romaric Neyhousser a pu le suivre.","breadcrumb":{"@id":"https:\/\/www.guillaumeverdier.com\/en\/projects\/2011-ac72-team-new-zealand\/#breadcrumb"},"inLanguage":"en-US","potentialAction":[{"@type":"ReadAction","target":["https:\/\/www.guillaumeverdier.com\/en\/projects\/2011-ac72-team-new-zealand\/"]}]},{"@type":"ImageObject","inLanguage":"en-US","@id":"https:\/\/www.guillaumeverdier.com\/en\/projects\/2011-ac72-team-new-zealand\/#primaryimage","url":"http:\/\/www.guillaumeverdier.com\/wp-content\/uploads\/2012\/10\/team_new_zealand_ac72_2.jpg","contentUrl":"http:\/\/www.guillaumeverdier.com\/wp-content\/uploads\/2012\/10\/team_new_zealand_ac72_2.jpg"},{"@type":"BreadcrumbList","@id":"https:\/\/www.guillaumeverdier.com\/en\/projects\/2011-ac72-team-new-zealand\/#breadcrumb","itemListElement":[{"@type":"ListItem","position":1,"name":"Accueil","item":"https:\/\/www.guillaumeverdier.com\/en\/"},{"@type":"ListItem","position":2,"name":"2011 &#8211; AC72 &#8211; Team New Zealand"}]},{"@type":"WebSite","@id":"https:\/\/www.guillaumeverdier.com\/#website","url":"https:\/\/www.guillaumeverdier.com\/","name":"Guillaume Verdier","description":"Architecture Navale","potentialAction":[{"@type":"SearchAction","target":{"@type":"EntryPoint","urlTemplate":"https:\/\/www.guillaumeverdier.com\/?s={search_term_string}"},"query-input":{"@type":"PropertyValueSpecification","valueRequired":true,"valueName":"search_term_string"}}],"inLanguage":"en-US"}]}},"_links":{"self":[{"href":"https:\/\/www.guillaumeverdier.com\/en\/wp-json\/wp\/v2\/portfolio\/5867","targetHints":{"allow":["GET"]}}],"collection":[{"href":"https:\/\/www.guillaumeverdier.com\/en\/wp-json\/wp\/v2\/portfolio"}],"about":[{"href":"https:\/\/www.guillaumeverdier.com\/en\/wp-json\/wp\/v2\/types\/portfolio"}],"author":[{"embeddable":true,"href":"https:\/\/www.guillaumeverdier.com\/en\/wp-json\/wp\/v2\/users\/7"}],"replies":[{"embeddable":true,"href":"https:\/\/www.guillaumeverdier.com\/en\/wp-json\/wp\/v2\/comments?post=5867"}],"version-history":[{"count":2,"href":"https:\/\/www.guillaumeverdier.com\/en\/wp-json\/wp\/v2\/portfolio\/5867\/revisions"}],"predecessor-version":[{"id":5869,"href":"https:\/\/www.guillaumeverdier.com\/en\/wp-json\/wp\/v2\/portfolio\/5867\/revisions\/5869"}],"wp:attachment":[{"href":"https:\/\/www.guillaumeverdier.com\/en\/wp-json\/wp\/v2\/media?parent=5867"}],"wp:term":[{"taxonomy":"post_tag","embeddable":true,"href":"https:\/\/www.guillaumeverdier.com\/en\/wp-json\/wp\/v2\/tags?post=5867"},{"taxonomy":"portfolio_entries","embeddable":true,"href":"https:\/\/www.guillaumeverdier.com\/en\/wp-json\/wp\/v2\/portfolio_entries?post=5867"}],"curies":[{"name":"wp","href":"https:\/\/api.w.org\/{rel}","templated":true}]}}