{"id":5855,"date":"2012-09-11T12:29:54","date_gmt":"2012-09-11T11:29:54","guid":{"rendered":"https:\/\/www.guillaumeverdier.com\/projects\/2012-mini-650-generic-one\/"},"modified":"2019-09-30T16:18:11","modified_gmt":"2019-09-30T15:18:11","slug":"2012-mini-650-generic-one","status":"publish","type":"portfolio","link":"https:\/\/www.guillaumeverdier.com\/en\/projects\/2012-mini-650-generic-one\/","title":{"rendered":"2012 &#8211; Mini 6.50 &#8211; Generic One"},"content":{"rendered":"\n<style type=\"text\/css\" data-created_by=\"avia_inline_auto\" id=\"style-css-av-flx1o-f65bb62a9115bbffd39de318a32ad82c\">\n.flex_column.av-flx1o-f65bb62a9115bbffd39de318a32ad82c{\nborder-radius:0px 0px 0px 0px;\npadding:0px 0px 0px 0px;\n}\n<\/style>\n<div  class='flex_column av-flx1o-f65bb62a9115bbffd39de318a32ad82c av_one_full  avia-builder-el-0  el_before_av_one_full  avia-builder-el-first  first flex_column_div av-zero-column-padding  '     ><section  class='av_textblock_section av-7bkb0-f014645495f393e8dc3dcb597bc539d2 '   itemscope=\"itemscope\" itemtype=\"https:\/\/schema.org\/CreativeWork\" ><div class='avia_textblock'  itemprop=\"text\" ><h2 style=\"text-align: justify;\">Conception de Generic One, un Mini 6.50<\/h2>\n<address><em><span style=\"color: #999999;\">Ann\u00e9e de construction : 2012<\/span><\/em><br \/>\n<em><span style=\"color: #999999;\">Architecte : Guillaume Verdier<\/span><\/em><br \/>\n<em><span style=\"color: #999999;\">Chantier : Raphael Coldefy<\/span><\/em><br \/>\n<em><span style=\"color: #999999;\">Propri\u00e9taire: Serge Viviand<\/span><\/em><br \/>\n<em> <span style=\"color: #999999;\"> Programme de course : Mini Transat<\/span><\/em><\/address>\n<address>\n<hr \/>\n<\/address>\n<p style=\"text-align: justify;\">Generic One, c&#8217;est le nom de ce nouveau plan Verdier, qui fera sans nul doute le bonheur de son futur propri\u00e9taire.<\/p>\n<blockquote>\n<p style=\"text-align: justify;\"><strong>Guillaume Verdier<\/strong> : &#8220;Avec Serge Viviand, nous nous sommes lanc\u00e9s dans ce projet avec pour objectif la construction d&#8217;un v\u00e9ritable stradivarius aux lignes \u00e9pur\u00e9es. Un bateau sain, puissant, simple et bien construit. Bref, un joli jouet.<\/p>\n<p>Contrairement \u00e0 de nombreux prototypes devenus de v\u00e9ritables usines \u00e0 gaz, nous avons privil\u00e9gi\u00e9 la simplicit\u00e9 pour optimiser la fiabilit\u00e9 et faciliter la navigation du coureur solitaire.<\/p>\n<p>En terme de performance, c&#8217;est un bateau qui joue sur sa portance dynamique avec un objectif de masse embarqu\u00e9e de ballast la plus faible possible. Un gr\u00e9ement tr\u00e8s allong\u00e9, avec des voiles d&#8217;avant plus grandes que d&#8217;habitude, d&#8217;o\u00f9 de fortes pentes de guindant.&#8221;<\/p>\n<\/blockquote>\n<h4 style=\"text-align: justify;\">Serge Viviand et Guillaume Verdier ont choisi d&#8217;offrir la possibilit\u00e9 au futur skipper de s&#8217;investir sur le projet en op\u00e9rant ses propres choix quant \u00e0 l&#8217;\u00e9quipement, l&#8217;accastillage, le gr\u00e9ement de Generic One.<\/h4>\n<p>Ainsi, la coque, construite dans un moule femelle appr\u00eat\u00e9 avant stratification, est aujourd&#8217;hui pr\u00eate \u00e0 recevoir sa peinture, tout comme le roof. Le pont et le cockpit sont quant \u00e0 eux brut de carbone de sorte que le futur propri\u00e9taire puisse op\u00e9rer son montage d&#8217;accastillage ou autres syst\u00e8mes avant peinture.<\/p>\n<p style=\"text-align: justify;\">La construction de ce prototype, fid\u00e8le au cahier des charges,\u00a0 a \u00e9t\u00e9 men\u00e9e, au Br\u00e9sil, gr\u00e2ce \u00e0 l&#8217;expertise d&#8217;une \u00e9quipe dirig\u00e9e par\u00a0 Rapha\u00ebl Coldefy, ex-chef d&#8217;atelier du chantier de construction Artech do Brasil &#8211; bas\u00e9 pr\u00e8s de Mac\u00e9io (Br\u00e9sil).<\/p>\n<p style=\"text-align: justify;\">Inscrit \u00e0 la Classe Mini sous le n\u00b0789,\u00a0 ce prototype derni\u00e8re g\u00e9n\u00e9ration, tout carbone, devrait faire rapidement parler de lui sur les plans d&#8217;eau.<\/p>\n<hr \/>\n<h4 style=\"text-align: justify;\">Photos de la construction du bateau<\/h4>\n<p style=\"text-align: justify;\"><em>Cr\u00e9dits photos : Serge Viviand<\/em><\/p>\n<address style=\"text-align: justify;\"><\/p>\n<\/address>\n<address style=\"text-align: justify;\">\n<hr \/>\n<\/address>\n<h5 style=\"text-align: justify;\"><span style=\"color: #000000;\"><em><a href=\"http:\/\/www.voilesetvoiliers.com\/chantier\/article\/3106\/generic-one-mini-650-une-base-verdier-a-mettre-a-votre-sauce#xtor=EPR-2-&#091;news-26-05-2010&#093;-20100526-&#091;lien&#093;\" target=\"_blank\" rel=\"noopener noreferrer\"><span style=\"color: #000000;\">Article : Reportage de Voiles &amp; Voiliers &gt;&gt;<\/span><\/a><\/em><\/span><\/h5>\n<h6 style=\"text-align: justify;\"><span style=\"color: #008080;\">Plus d&#8217;information : Serge Viviand Tel. +33 (0)6 82 65 27 23<\/span><br \/>\n<span style=\"color: #008080;\"> Email.\u00a0 <a href=\"mailto:s.viviand@wanadoo.fr\"><span style=\"color: #008080;\">s.viviand@wanadoo.fr<\/span><\/a><\/span><br \/>\n<span style=\"color: #008080;\"> Skype.\u00a0 calientemarcelo<\/span><br \/>\n<span style=\"color: #008080;\"> Web. <a href=\"http:\/\/www.genericocean.com\" target=\"_blank\" rel=\"noopener noreferrer\"><span style=\"color: #008080;\">http:\/\/www.genericocean.com<\/span><\/a><\/span><\/h6>\n<\/div><\/section><\/div>\n\n<style type=\"text\/css\" data-created_by=\"avia_inline_auto\" id=\"style-css-av-1zsyb7-f892f746058a4b113e0a37509ffe3de8\">\n.flex_column.av-1zsyb7-f892f746058a4b113e0a37509ffe3de8{\nborder-radius:0px 0px 0px 0px;\npadding:0px 0px 0px 0px;\n}\n<\/style>\n<div  class='flex_column av-1zsyb7-f892f746058a4b113e0a37509ffe3de8 av_one_full  avia-builder-el-2  el_after_av_one_full  avia-builder-el-last  first flex_column_div av-zero-column-padding  column-top-margin'     ><p>\n<style type=\"text\/css\" data-created_by=\"avia_inline_auto\" id=\"style-css-av-k16k4tck-81b4338d8b5dc03a9ae144d935bc1f11\">\n#top .av-special-heading.av-k16k4tck-81b4338d8b5dc03a9ae144d935bc1f11{\npadding-bottom:10px;\n}\nbody .av-special-heading.av-k16k4tck-81b4338d8b5dc03a9ae144d935bc1f11 .av-special-heading-tag .heading-char{\nfont-size:25px;\n}\n.av-special-heading.av-k16k4tck-81b4338d8b5dc03a9ae144d935bc1f11 .av-subheading{\nfont-size:15px;\n}\n<\/style>\n<div  class='av-special-heading av-k16k4tck-81b4338d8b5dc03a9ae144d935bc1f11 av-special-heading-h2 blockquote modern-quote modern-centered  avia-builder-el-3  el_before_av_hr  avia-builder-el-first  av-thin-font'><h2 class='av-special-heading-tag '  itemprop=\"headline\"  >More projects <strong>MINI 6.50<\/strong> :<\/h2><div class=\"special-heading-border\"><div class=\"special-heading-inner-border\"><\/div><\/div><\/div><br \/>\n\n<style type=\"text\/css\" data-created_by=\"avia_inline_auto\" id=\"style-css-av-k0gnkzod-0d708f199f774deb78befb38ba27f8e3\">\n#top .hr.hr-invisible.av-k0gnkzod-0d708f199f774deb78befb38ba27f8e3{\nheight:50px;\n}\n<\/style>\n<div  class='hr av-k0gnkzod-0d708f199f774deb78befb38ba27f8e3 hr-invisible  avia-builder-el-4  el_after_av_heading  el_before_av_masonry_entries  avia-builder-el-last '><span class='hr-inner '><span class=\"hr-inner-style\"><\/span><\/span><\/div><br \/>\n<div id='av-masonry-1' class='av-masonry av-k0gn18yx-abcfa6ee6ef29fc8a68c51a8ee7297a8 noHover av-fixed-size av-large-gap av-hover-overlay-active av-masonry-animation- av-masonry-col-3 av-caption-on-hover av-caption-style-overlay av-masonry-entries ' data-post_id=\"5855\"><div class=\"av-masonry-container isotope av-js-disabled\"><div class='av-masonry-entry isotope-item av-masonry-item-no-image '><\/div><a href=\"https:\/\/www.guillaumeverdier.com\/en\/projects\/2018-mini-6-50-speedy-gonzalez\/\"  id='av-masonry-1-item-5683' data-av-masonry-item='5683' class='av-masonry-entry isotope-item post-5683 portfolio type-portfolio status-publish hentry portfolio_entries-mini650  av-masonry-item-no-image' title=\"2018 &#8211; Mini 6.50 &#8211;  &#8220;Speedy Gonzalez&#8221;\"   itemscope=\"itemscope\" itemtype=\"https:\/\/schema.org\/CreativeWork\" ><div class='av-inner-masonry-sizer'><\/div><figure class='av-inner-masonry main_color'><figcaption class='av-inner-masonry-content site-background'><div class='av-inner-masonry-content-pos'><div class='av-inner-masonry-content-pos-content'><div class='avia-arrow'><\/div><h3 class='av-masonry-entry-title entry-title '  itemprop=\"headline\" >2018 &#8211; Mini 6.50 &#8211;  &#8220;Speedy Gonzalez&#8221;<\/h3><\/div><\/div><\/figcaption><\/figure><\/a><!--end av-masonry entry--><a href=\"https:\/\/www.guillaumeverdier.com\/en\/projects\/2018-pogo-6-50-foiler\/\"  id='av-masonry-1-item-5689' data-av-masonry-item='5689' class='av-masonry-entry isotope-item post-5689 portfolio type-portfolio status-publish has-post-thumbnail hentry portfolio_entries-mini650  av-masonry-item-with-image' title=\"Pogo Foiler, 09 September, 2019. Navigation,\"   itemscope=\"itemscope\" itemtype=\"https:\/\/schema.org\/CreativeWork\" ><div class='av-inner-masonry-sizer'><\/div><figure class='av-inner-masonry main_color'><div class=\"av-masonry-outerimage-container\"><div class='av-masonry-image-container' style=\"background-image: url(https:\/\/www.guillaumeverdier.com\/wp-content\/uploads\/2023\/02\/190909_RIOU_polaRYSE_Pogo_2312-705x470.jpg);\"  title=\"Pogo Foiler, 09 September, 2019. Navigation,\" ><\/div><\/div><figcaption class='av-inner-masonry-content site-background'><div class='av-inner-masonry-content-pos'><div class='av-inner-masonry-content-pos-content'><div class='avia-arrow'><\/div><h3 class='av-masonry-entry-title entry-title '  itemprop=\"headline\" >2018 &#8211; Pogo 6.50 foiler<\/h3><\/div><\/div><\/figcaption><\/figure><\/a><!--end av-masonry entry--><a href=\"https:\/\/www.guillaumeverdier.com\/en\/projects\/2014-mini-6-50-pogo-3\/\"  id='av-masonry-1-item-5837' data-av-masonry-item='5837' class='av-masonry-entry isotope-item post-5837 portfolio type-portfolio status-publish hentry portfolio_entries-mini650  av-masonry-item-no-image' title=\"2014 &#8211; Mini 6.50 &#8211; Pogo 3\"   itemscope=\"itemscope\" itemtype=\"https:\/\/schema.org\/CreativeWork\" ><div class='av-inner-masonry-sizer'><\/div><figure class='av-inner-masonry main_color'><figcaption class='av-inner-masonry-content site-background'><div class='av-inner-masonry-content-pos'><div class='av-inner-masonry-content-pos-content'><div class='avia-arrow'><\/div><h3 class='av-masonry-entry-title entry-title '  itemprop=\"headline\" >2014 &#8211; Mini 6.50 &#8211; Pogo 3<\/h3><\/div><\/div><\/figcaption><\/figure><\/a><!--end av-masonry entry--><a href=\"https:\/\/www.guillaumeverdier.com\/en\/projects\/2012-mini-650-generic-one\/\"  id='av-masonry-1-item-5855' data-av-masonry-item='5855' class='av-masonry-entry isotope-item post-5855 portfolio type-portfolio status-publish hentry portfolio_entries-mini650  av-masonry-item-no-image' title=\"2012 &#8211; Mini 6.50 &#8211; Generic One\"   itemscope=\"itemscope\" itemtype=\"https:\/\/schema.org\/CreativeWork\" ><div class='av-inner-masonry-sizer'><\/div><figure class='av-inner-masonry main_color'><figcaption class='av-inner-masonry-content site-background'><div class='av-inner-masonry-content-pos'><div class='av-inner-masonry-content-pos-content'><div class='avia-arrow'><\/div><h3 class='av-masonry-entry-title entry-title '  itemprop=\"headline\" >2012 &#8211; Mini 6.50 &#8211; Generic One<\/h3><\/div><\/div><\/figcaption><\/figure><\/a><!--end av-masonry entry--><\/div><\/div><\/p><\/div>\n","protected":false},"excerpt":{"rendered":"","protected":false},"author":7,"featured_media":0,"comment_status":"closed","ping_status":"closed","template":"","meta":{"footnotes":""},"tags":[],"portfolio_entries":[236],"class_list":["post-5855","portfolio","type-portfolio","status-publish","hentry","portfolio_entries-mini650"],"yoast_head":"<!-- This site is optimized with the Yoast SEO plugin v26.8 - https:\/\/yoast.com\/product\/yoast-seo-wordpress\/ -->\n<title>2012 - Mini 6.50 - Generic One - Plan Verdier<\/title>\n<meta name=\"description\" content=\"Serge Viviand et Guillaume Verdier ont choisi d&#039;offrir la possibilit\u00e9 au futur skipper de s&#039;investir sur le projet en op\u00e9rant ses propres choix quant \u00e0 l&#039;\u00e9quipement, l&#039;accastillage, le gr\u00e9ement de Generic One.\" \/>\n<meta name=\"robots\" content=\"index, follow, max-snippet:-1, max-image-preview:large, max-video-preview:-1\" \/>\n<link rel=\"canonical\" href=\"https:\/\/www.guillaumeverdier.com\/en\/projects\/2012-mini-650-generic-one\/\" \/>\n<meta property=\"og:locale\" content=\"en_US\" \/>\n<meta property=\"og:type\" content=\"article\" \/>\n<meta property=\"og:title\" content=\"2012 - Mini 6.50 - Generic One - Plan Verdier\" \/>\n<meta property=\"og:description\" content=\"Serge Viviand et Guillaume Verdier ont choisi d&#039;offrir la possibilit\u00e9 au futur skipper de s&#039;investir sur le projet en op\u00e9rant ses propres choix quant \u00e0 l&#039;\u00e9quipement, l&#039;accastillage, le gr\u00e9ement de Generic One.\" \/>\n<meta property=\"og:url\" content=\"https:\/\/www.guillaumeverdier.com\/en\/projects\/2012-mini-650-generic-one\/\" \/>\n<meta property=\"og:site_name\" content=\"Guillaume Verdier\" \/>\n<meta property=\"article:modified_time\" content=\"2019-09-30T15:18:11+00:00\" \/>\n<meta property=\"og:image\" content=\"https:\/\/www.guillaumeverdier.com\/wp-content\/uploads\/2012\/09\/generic_1_chantier-4.jpg\" \/>\n\t<meta property=\"og:image:width\" content=\"570\" \/>\n\t<meta property=\"og:image:height\" content=\"320\" \/>\n\t<meta property=\"og:image:type\" content=\"image\/jpeg\" \/>\n<meta name=\"twitter:label1\" content=\"Est. reading time\" \/>\n\t<meta name=\"twitter:data1\" content=\"4 minutes\" \/>\n<script type=\"application\/ld+json\" class=\"yoast-schema-graph\">{\"@context\":\"https:\/\/schema.org\",\"@graph\":[{\"@type\":\"WebPage\",\"@id\":\"https:\/\/www.guillaumeverdier.com\/en\/projects\/2012-mini-650-generic-one\/\",\"url\":\"https:\/\/www.guillaumeverdier.com\/en\/projects\/2012-mini-650-generic-one\/\",\"name\":\"2012 - Mini 6.50 - Generic One - Plan Verdier\",\"isPartOf\":{\"@id\":\"https:\/\/www.guillaumeverdier.com\/#website\"},\"datePublished\":\"2012-09-11T11:29:54+00:00\",\"dateModified\":\"2019-09-30T15:18:11+00:00\",\"description\":\"Serge Viviand et Guillaume Verdier ont choisi d'offrir la possibilit\u00e9 au futur skipper de s'investir sur le projet en op\u00e9rant ses propres choix quant \u00e0 l'\u00e9quipement, l'accastillage, le gr\u00e9ement de Generic One.\",\"breadcrumb\":{\"@id\":\"https:\/\/www.guillaumeverdier.com\/en\/projects\/2012-mini-650-generic-one\/#breadcrumb\"},\"inLanguage\":\"en-US\",\"potentialAction\":[{\"@type\":\"ReadAction\",\"target\":[\"https:\/\/www.guillaumeverdier.com\/en\/projects\/2012-mini-650-generic-one\/\"]}]},{\"@type\":\"BreadcrumbList\",\"@id\":\"https:\/\/www.guillaumeverdier.com\/en\/projects\/2012-mini-650-generic-one\/#breadcrumb\",\"itemListElement\":[{\"@type\":\"ListItem\",\"position\":1,\"name\":\"Accueil\",\"item\":\"https:\/\/www.guillaumeverdier.com\/en\/\"},{\"@type\":\"ListItem\",\"position\":2,\"name\":\"2012 &#8211; Mini 6.50 &#8211; Generic One\"}]},{\"@type\":\"WebSite\",\"@id\":\"https:\/\/www.guillaumeverdier.com\/#website\",\"url\":\"https:\/\/www.guillaumeverdier.com\/\",\"name\":\"Guillaume Verdier\",\"description\":\"Architecture Navale\",\"potentialAction\":[{\"@type\":\"SearchAction\",\"target\":{\"@type\":\"EntryPoint\",\"urlTemplate\":\"https:\/\/www.guillaumeverdier.com\/?s={search_term_string}\"},\"query-input\":{\"@type\":\"PropertyValueSpecification\",\"valueRequired\":true,\"valueName\":\"search_term_string\"}}],\"inLanguage\":\"en-US\"}]}<\/script>\n<!-- \/ Yoast SEO plugin. -->","yoast_head_json":{"title":"2012 - Mini 6.50 - Generic One - Plan Verdier","description":"Serge Viviand et Guillaume Verdier ont choisi d'offrir la possibilit\u00e9 au futur skipper de s'investir sur le projet en op\u00e9rant ses propres choix quant \u00e0 l'\u00e9quipement, l'accastillage, le gr\u00e9ement de Generic One.","robots":{"index":"index","follow":"follow","max-snippet":"max-snippet:-1","max-image-preview":"max-image-preview:large","max-video-preview":"max-video-preview:-1"},"canonical":"https:\/\/www.guillaumeverdier.com\/en\/projects\/2012-mini-650-generic-one\/","og_locale":"en_US","og_type":"article","og_title":"2012 - Mini 6.50 - Generic One - Plan Verdier","og_description":"Serge Viviand et Guillaume Verdier ont choisi d'offrir la possibilit\u00e9 au futur skipper de s'investir sur le projet en op\u00e9rant ses propres choix quant \u00e0 l'\u00e9quipement, l'accastillage, le gr\u00e9ement de Generic One.","og_url":"https:\/\/www.guillaumeverdier.com\/en\/projects\/2012-mini-650-generic-one\/","og_site_name":"Guillaume Verdier","article_modified_time":"2019-09-30T15:18:11+00:00","og_image":[{"width":570,"height":320,"url":"https:\/\/www.guillaumeverdier.com\/wp-content\/uploads\/2012\/09\/generic_1_chantier-4.jpg","type":"image\/jpeg"}],"twitter_misc":{"Est. reading time":"4 minutes"},"schema":{"@context":"https:\/\/schema.org","@graph":[{"@type":"WebPage","@id":"https:\/\/www.guillaumeverdier.com\/en\/projects\/2012-mini-650-generic-one\/","url":"https:\/\/www.guillaumeverdier.com\/en\/projects\/2012-mini-650-generic-one\/","name":"2012 - Mini 6.50 - Generic One - Plan Verdier","isPartOf":{"@id":"https:\/\/www.guillaumeverdier.com\/#website"},"datePublished":"2012-09-11T11:29:54+00:00","dateModified":"2019-09-30T15:18:11+00:00","description":"Serge Viviand et Guillaume Verdier ont choisi d'offrir la possibilit\u00e9 au futur skipper de s'investir sur le projet en op\u00e9rant ses propres choix quant \u00e0 l'\u00e9quipement, l'accastillage, le gr\u00e9ement de Generic One.","breadcrumb":{"@id":"https:\/\/www.guillaumeverdier.com\/en\/projects\/2012-mini-650-generic-one\/#breadcrumb"},"inLanguage":"en-US","potentialAction":[{"@type":"ReadAction","target":["https:\/\/www.guillaumeverdier.com\/en\/projects\/2012-mini-650-generic-one\/"]}]},{"@type":"BreadcrumbList","@id":"https:\/\/www.guillaumeverdier.com\/en\/projects\/2012-mini-650-generic-one\/#breadcrumb","itemListElement":[{"@type":"ListItem","position":1,"name":"Accueil","item":"https:\/\/www.guillaumeverdier.com\/en\/"},{"@type":"ListItem","position":2,"name":"2012 &#8211; Mini 6.50 &#8211; Generic One"}]},{"@type":"WebSite","@id":"https:\/\/www.guillaumeverdier.com\/#website","url":"https:\/\/www.guillaumeverdier.com\/","name":"Guillaume Verdier","description":"Architecture Navale","potentialAction":[{"@type":"SearchAction","target":{"@type":"EntryPoint","urlTemplate":"https:\/\/www.guillaumeverdier.com\/?s={search_term_string}"},"query-input":{"@type":"PropertyValueSpecification","valueRequired":true,"valueName":"search_term_string"}}],"inLanguage":"en-US"}]}},"_links":{"self":[{"href":"https:\/\/www.guillaumeverdier.com\/en\/wp-json\/wp\/v2\/portfolio\/5855","targetHints":{"allow":["GET"]}}],"collection":[{"href":"https:\/\/www.guillaumeverdier.com\/en\/wp-json\/wp\/v2\/portfolio"}],"about":[{"href":"https:\/\/www.guillaumeverdier.com\/en\/wp-json\/wp\/v2\/types\/portfolio"}],"author":[{"embeddable":true,"href":"https:\/\/www.guillaumeverdier.com\/en\/wp-json\/wp\/v2\/users\/7"}],"replies":[{"embeddable":true,"href":"https:\/\/www.guillaumeverdier.com\/en\/wp-json\/wp\/v2\/comments?post=5855"}],"version-history":[{"count":3,"href":"https:\/\/www.guillaumeverdier.com\/en\/wp-json\/wp\/v2\/portfolio\/5855\/revisions"}],"predecessor-version":[{"id":5857,"href":"https:\/\/www.guillaumeverdier.com\/en\/wp-json\/wp\/v2\/portfolio\/5855\/revisions\/5857"}],"wp:attachment":[{"href":"https:\/\/www.guillaumeverdier.com\/en\/wp-json\/wp\/v2\/media?parent=5855"}],"wp:term":[{"taxonomy":"post_tag","embeddable":true,"href":"https:\/\/www.guillaumeverdier.com\/en\/wp-json\/wp\/v2\/tags?post=5855"},{"taxonomy":"portfolio_entries","embeddable":true,"href":"https:\/\/www.guillaumeverdier.com\/en\/wp-json\/wp\/v2\/portfolio_entries?post=5855"}],"curies":[{"name":"wp","href":"https:\/\/api.w.org\/{rel}","templated":true}]}}