{"id":6489,"date":"2021-09-22T10:50:27","date_gmt":"2021-09-22T09:50:27","guid":{"rendered":"https:\/\/www.guillaumeverdier.com\/politique-de-confidentialite\/"},"modified":"2021-09-22T10:50:27","modified_gmt":"2021-09-22T09:50:27","slug":"politique-de-confidentialite","status":"publish","type":"page","link":"https:\/\/www.guillaumeverdier.com\/en\/politique-de-confidentialite\/","title":{"rendered":"Politique de confidentialit\u00e9"},"content":{"rendered":"<h1>Politique de Confidentialit\u00e9<\/h1>\n<p><strong>DONN\u00c9ES PERSONNELLES COLLECT\u00c9ES<\/strong><\/p>\n<p>Deux types de donn\u00e9es \u00e0 caract\u00e8re personnel sont collect\u00e9s sur le site www.guillaumeverdier.com<br \/>\n\u2022 Donn\u00e9es saisies et envoy\u00e9es via les formulaires<br \/>\n\u2022 Donn\u00e9es collect\u00e9es par l\u2019outil de mesure d\u2019audience Google Analytics.<\/p>\n<p><strong>RESPONSABLE DE TRAITEMENT DES DONN\u00c9ES PERSONNELLES\u2028<\/strong><\/p>\n<p>Les donn\u00e9es personnelles sont collect\u00e9es sur le site par la soci\u00e9t\u00e9 Guillaume Verdier &#8211; Architecture Navale, Rue Traversiere 56870 Larmor Baden France.<\/p>\n<p><strong>FINALIT\u00c9 DE LA COLLECTE DES DONN\u00c9ES PERSONNELLES<\/strong><\/p>\n<p>La collecte des donn\u00e9es personnelles \u00e0 travers le formulaire de contact pr\u00e9sent sur le site a pour but de recontacter les personnes qui ont envoy\u00e9 un message depuis le site.\u2028En soumettant le formulaire et en cochant les cases \u00e0 cocher de consentement ad\u00e9quates du formulaire, l\u2019internaute donne express\u00e9ment son accord pour que les donn\u00e9es \u00e0 caract\u00e8re personnel soient trait\u00e9es pour la finalit\u00e9 de la correspondance.<br \/>\nLa collecte des donn\u00e9es personnelles \u00e0 travers l\u2019outil de suivi d\u2019audience Google Analytics utilis\u00e9 sur le site a pour but d\u2019analyser le comportement des internautes sur le site afin de pouvoir mesurer leur audience et am\u00e9liorer leur performance.\u2028Google Analytics utilise des cookies tiers afin de distinguer les utilisateurs. Les cookies sont des fichiers texte install\u00e9s sur le terminal des internautes. Ils ne contiennent aucune information nominative, uniquement des identifiants cr\u00e9\u00e9s de mani\u00e8re al\u00e9atoire.<br \/>\nEn parcourant le site, l\u2019internaute donne express\u00e9ment son accord pour que les donn\u00e9es \u00e0 caract\u00e8re personnel collect\u00e9es par Google Analytics soient trait\u00e9es pour la finalit\u00e9 d\u2019analyse du comportement des internautes en vue de l\u2019am\u00e9lioration de la performance du site.<\/p>\n<p><strong>DUR\u00c9E DE CONSERVATIONS DES DONN\u00c9ES PERSONNELLES<\/strong><\/p>\n<p>Les donn\u00e9es collect\u00e9es via les formulaires sont conserv\u00e9es pendant une dur\u00e9e de 2 ans \u00e0 compter de l\u2019envoi du formulaire.<br \/>\nLes cookies utilis\u00e9s par l\u2019outil de mesure d\u2019audience Google Analytics ont les dur\u00e9es de vie suivantes :<br \/>\n_ga : 2 ans\u2028_gid : 24 heures\u2028_gat : 1 minute<\/p>\n<p><strong>CONFIDENTIALIT\u00c9 DES DONN\u00c9ES PERSONNELLES<\/strong><\/p>\n<p>Les donn\u00e9es personnelles vous concernant et collect\u00e9es par le site www.guillaumeverdier.com sont uniquement destin\u00e9es \u00e0 Guillaume Verdier &#8211; Architecture Navale et seront uniquement exploit\u00e9es dans le cadre de la demande explicit\u00e9e via le formulaire.<br \/>\nEn aucun cas, les donn\u00e9es personnelles saisies et envoy\u00e9es sur les formulaires ne seront transmises, lou\u00e9es ou commercialis\u00e9es \u00e0 des tiers.<br \/>\nLes employ\u00e9s de Guillaume Verdier &#8211; Architecture Navale vont signer un accord de confidentialit\u00e9 qui les oblige \u00e0 respecter la confidentialit\u00e9 des donn\u00e9es sous peine de sanctions.<\/p>\n<p><strong>LIEU DE STOCKAGE DES DONN\u00c9ES PERSONNELLES<\/strong><\/p>\n<p>Les serveurs d\u2019h\u00e9bergement du site sont exclusivement situ\u00e9s en France, au sein de l\u2019Union Europ\u00e9enne.<br \/>\nGuillaume Verdier &#8211; Architecture Navale s\u2019engage \u00e0 proc\u00e9der \u00e0 aucun transfert de donn\u00e9es \u00e0 caract\u00e8re personnel \u00e0 destination d\u2019un Etat non membre de la Communaut\u00e9 europ\u00e9enne.<\/p>\n<p><strong>S\u00c9CURIT\u00c9 DES DONN\u00c9ES PERSONNELLES<\/strong><\/p>\n<p>Le site est h\u00e9berg\u00e9 sur des serveurs mutualis\u00e9s s\u00e9curis\u00e9s.<br \/>\nLa totalit\u00e9 des pages est en mode s\u00e9curis\u00e9 de type HTTPS, TLS 1.2 \/ RSA 2048 bits (SHA256withRSA). Il s\u2019agit d\u2019un protocole de s\u00e9curisation permettant de chiffrer le contenu des \u00e9changes entre le navigateur et les serveurs de bases de donn\u00e9es. Cela \u00e9vite que les donn\u00e9es personnelles saisies et envoy\u00e9es via les formulaires soient facilement lues par des tiers lors de leur transit.<br \/>\nCependant, aucune transmission ou stockage de donn\u00e9es personnelles n\u2019est jamais totalement s\u00e9curis\u00e9e. En cons\u00e9quence, nous ne pouvons pas garantir la s\u00e9curit\u00e9 infaillible de l\u2019information transmise ou stock\u00e9e sur les serveurs d\u2019h\u00e9bergement.<\/p>\n<p><strong>D\u00c9L\u00c9GU\u00c9 A LA PROTECTION DES DONN\u00c9ES PERSONNELLES\u2028<\/strong><\/p>\n<p>Guillaume Verdier est le D\u00e9l\u00e9gu\u00e9 \u00e0 la Protection des Donn\u00e9es (DPD) de l\u2019entreprise Guillaume Verdier &#8211; Architecture Navale. Il est notamment en charge d\u2019assurer la conformit\u00e9 des activit\u00e9s de l\u2019entreprise avec le nouveau cadre l\u00e9gal europ\u00e9en du RGPD et de coop\u00e9rer avec l\u2019autorit\u00e9 de contr\u00f4le.<br \/>\nVous pouvez le contacter par email sur gverdier(at)guillaumeverdier.com ou par courrier \u00e0 :\u2028Guillaume Verdier &#8211; Architecture Navale D\u00e9l\u00e9gu\u00e9 \u00e0 la Protection des Donn\u00e9es \u2013 Rue Traversiere 56870 Larmor Baden France.<\/p>\n<p><strong>DROIT D\u2019ACC\u00c8S, DE RECTIFICATION OU DE SUPPRESSION DES DONN\u00c9ES PERSONNELLES\u2028<\/strong><\/p>\n<p>Conform\u00e9ment \u00e0 la loi Informatique et Libert\u00e9s du 6 janvier 1978 modifi\u00e9e, et le R\u00e8glement Europ\u00e9en G\u00e9n\u00e9ral sur la Protection des Donn\u00e9es 2016\/679 (RGPD), vous disposez des droits d\u2019acc\u00e8s, de rectification et de suppression des donn\u00e9es personnelles vous concernant que vous pouvez exercer en acc\u00e8dant \u00e0 une de vos r\u00e9servations ou en envoyant un courrier \u00e0 Guillaume Verdier &#8211; Architecture Navale, Rue Traversiere 56870 Larmor Baden France<\/p>\n","protected":false},"excerpt":{"rendered":"<p>Politique de Confidentialit\u00e9 DONN\u00c9ES PERSONNELLES COLLECT\u00c9ES Deux types de donn\u00e9es \u00e0 caract\u00e8re personnel sont collect\u00e9s sur le site www.guillaumeverdier.com \u2022 Donn\u00e9es saisies et envoy\u00e9es via les formulaires \u2022 Donn\u00e9es collect\u00e9es par l\u2019outil de mesure d\u2019audience Google Analytics. RESPONSABLE DE TRAITEMENT DES DONN\u00c9ES PERSONNELLES\u2028 Les donn\u00e9es personnelles sont collect\u00e9es sur le site par la soci\u00e9t\u00e9 Guillaume [&hellip;]<\/p>\n","protected":false},"author":1,"featured_media":0,"parent":0,"menu_order":0,"comment_status":"closed","ping_status":"closed","template":"","meta":{"footnotes":""},"class_list":["post-6489","page","type-page","status-publish","hentry"],"yoast_head":"<!-- This site is optimized with the Yoast SEO plugin v26.8 - https:\/\/yoast.com\/product\/yoast-seo-wordpress\/ -->\n<title>Politique de confidentialit\u00e9 - Guillaume Verdier<\/title>\n<meta name=\"robots\" content=\"index, follow, max-snippet:-1, max-image-preview:large, max-video-preview:-1\" \/>\n<link rel=\"canonical\" href=\"https:\/\/www.guillaumeverdier.com\/en\/politique-de-confidentialite\/\" \/>\n<meta property=\"og:locale\" content=\"en_US\" \/>\n<meta property=\"og:type\" content=\"article\" \/>\n<meta property=\"og:title\" content=\"Politique de confidentialit\u00e9 - Guillaume Verdier\" \/>\n<meta property=\"og:description\" content=\"Politique de Confidentialit\u00e9 DONN\u00c9ES PERSONNELLES COLLECT\u00c9ES Deux types de donn\u00e9es \u00e0 caract\u00e8re personnel sont collect\u00e9s sur le site www.guillaumeverdier.com \u2022 Donn\u00e9es saisies et envoy\u00e9es via les formulaires \u2022 Donn\u00e9es collect\u00e9es par l\u2019outil de mesure d\u2019audience Google Analytics. RESPONSABLE DE TRAITEMENT DES DONN\u00c9ES PERSONNELLES\u2028 Les donn\u00e9es personnelles sont collect\u00e9es sur le site par la soci\u00e9t\u00e9 Guillaume [&hellip;]\" \/>\n<meta property=\"og:url\" content=\"https:\/\/www.guillaumeverdier.com\/en\/politique-de-confidentialite\/\" \/>\n<meta property=\"og:site_name\" content=\"Guillaume Verdier\" \/>\n<meta name=\"twitter:label1\" content=\"Est. reading time\" \/>\n\t<meta name=\"twitter:data1\" content=\"4 minutes\" \/>\n<script type=\"application\/ld+json\" class=\"yoast-schema-graph\">{\"@context\":\"https:\/\/schema.org\",\"@graph\":[{\"@type\":\"WebPage\",\"@id\":\"https:\/\/www.guillaumeverdier.com\/en\/politique-de-confidentialite\/\",\"url\":\"https:\/\/www.guillaumeverdier.com\/en\/politique-de-confidentialite\/\",\"name\":\"Politique de confidentialit\u00e9 - Guillaume Verdier\",\"isPartOf\":{\"@id\":\"https:\/\/www.guillaumeverdier.com\/#website\"},\"datePublished\":\"2021-09-22T09:50:27+00:00\",\"breadcrumb\":{\"@id\":\"https:\/\/www.guillaumeverdier.com\/en\/politique-de-confidentialite\/#breadcrumb\"},\"inLanguage\":\"en-US\",\"potentialAction\":[{\"@type\":\"ReadAction\",\"target\":[\"https:\/\/www.guillaumeverdier.com\/en\/politique-de-confidentialite\/\"]}]},{\"@type\":\"BreadcrumbList\",\"@id\":\"https:\/\/www.guillaumeverdier.com\/en\/politique-de-confidentialite\/#breadcrumb\",\"itemListElement\":[{\"@type\":\"ListItem\",\"position\":1,\"name\":\"Accueil\",\"item\":\"https:\/\/www.guillaumeverdier.com\/en\/\"},{\"@type\":\"ListItem\",\"position\":2,\"name\":\"Politique de confidentialit\u00e9\"}]},{\"@type\":\"WebSite\",\"@id\":\"https:\/\/www.guillaumeverdier.com\/#website\",\"url\":\"https:\/\/www.guillaumeverdier.com\/\",\"name\":\"Guillaume Verdier\",\"description\":\"Architecture Navale\",\"potentialAction\":[{\"@type\":\"SearchAction\",\"target\":{\"@type\":\"EntryPoint\",\"urlTemplate\":\"https:\/\/www.guillaumeverdier.com\/?s={search_term_string}\"},\"query-input\":{\"@type\":\"PropertyValueSpecification\",\"valueRequired\":true,\"valueName\":\"search_term_string\"}}],\"inLanguage\":\"en-US\"}]}<\/script>\n<!-- \/ Yoast SEO plugin. -->","yoast_head_json":{"title":"Politique de confidentialit\u00e9 - Guillaume Verdier","robots":{"index":"index","follow":"follow","max-snippet":"max-snippet:-1","max-image-preview":"max-image-preview:large","max-video-preview":"max-video-preview:-1"},"canonical":"https:\/\/www.guillaumeverdier.com\/en\/politique-de-confidentialite\/","og_locale":"en_US","og_type":"article","og_title":"Politique de confidentialit\u00e9 - Guillaume Verdier","og_description":"Politique de Confidentialit\u00e9 DONN\u00c9ES PERSONNELLES COLLECT\u00c9ES Deux types de donn\u00e9es \u00e0 caract\u00e8re personnel sont collect\u00e9s sur le site www.guillaumeverdier.com \u2022 Donn\u00e9es saisies et envoy\u00e9es via les formulaires \u2022 Donn\u00e9es collect\u00e9es par l\u2019outil de mesure d\u2019audience Google Analytics. RESPONSABLE DE TRAITEMENT DES DONN\u00c9ES PERSONNELLES\u2028 Les donn\u00e9es personnelles sont collect\u00e9es sur le site par la soci\u00e9t\u00e9 Guillaume [&hellip;]","og_url":"https:\/\/www.guillaumeverdier.com\/en\/politique-de-confidentialite\/","og_site_name":"Guillaume Verdier","twitter_misc":{"Est. reading time":"4 minutes"},"schema":{"@context":"https:\/\/schema.org","@graph":[{"@type":"WebPage","@id":"https:\/\/www.guillaumeverdier.com\/en\/politique-de-confidentialite\/","url":"https:\/\/www.guillaumeverdier.com\/en\/politique-de-confidentialite\/","name":"Politique de confidentialit\u00e9 - Guillaume Verdier","isPartOf":{"@id":"https:\/\/www.guillaumeverdier.com\/#website"},"datePublished":"2021-09-22T09:50:27+00:00","breadcrumb":{"@id":"https:\/\/www.guillaumeverdier.com\/en\/politique-de-confidentialite\/#breadcrumb"},"inLanguage":"en-US","potentialAction":[{"@type":"ReadAction","target":["https:\/\/www.guillaumeverdier.com\/en\/politique-de-confidentialite\/"]}]},{"@type":"BreadcrumbList","@id":"https:\/\/www.guillaumeverdier.com\/en\/politique-de-confidentialite\/#breadcrumb","itemListElement":[{"@type":"ListItem","position":1,"name":"Accueil","item":"https:\/\/www.guillaumeverdier.com\/en\/"},{"@type":"ListItem","position":2,"name":"Politique de confidentialit\u00e9"}]},{"@type":"WebSite","@id":"https:\/\/www.guillaumeverdier.com\/#website","url":"https:\/\/www.guillaumeverdier.com\/","name":"Guillaume Verdier","description":"Architecture Navale","potentialAction":[{"@type":"SearchAction","target":{"@type":"EntryPoint","urlTemplate":"https:\/\/www.guillaumeverdier.com\/?s={search_term_string}"},"query-input":{"@type":"PropertyValueSpecification","valueRequired":true,"valueName":"search_term_string"}}],"inLanguage":"en-US"}]}},"_links":{"self":[{"href":"https:\/\/www.guillaumeverdier.com\/en\/wp-json\/wp\/v2\/pages\/6489","targetHints":{"allow":["GET"]}}],"collection":[{"href":"https:\/\/www.guillaumeverdier.com\/en\/wp-json\/wp\/v2\/pages"}],"about":[{"href":"https:\/\/www.guillaumeverdier.com\/en\/wp-json\/wp\/v2\/types\/page"}],"author":[{"embeddable":true,"href":"https:\/\/www.guillaumeverdier.com\/en\/wp-json\/wp\/v2\/users\/1"}],"replies":[{"embeddable":true,"href":"https:\/\/www.guillaumeverdier.com\/en\/wp-json\/wp\/v2\/comments?post=6489"}],"version-history":[{"count":1,"href":"https:\/\/www.guillaumeverdier.com\/en\/wp-json\/wp\/v2\/pages\/6489\/revisions"}],"predecessor-version":[{"id":6490,"href":"https:\/\/www.guillaumeverdier.com\/en\/wp-json\/wp\/v2\/pages\/6489\/revisions\/6490"}],"wp:attachment":[{"href":"https:\/\/www.guillaumeverdier.com\/en\/wp-json\/wp\/v2\/media?parent=6489"}],"curies":[{"name":"wp","href":"https:\/\/api.w.org\/{rel}","templated":true}]}}