{"id":5599,"date":"2019-09-27T14:46:46","date_gmt":"2019-09-27T13:46:46","guid":{"rendered":"https:\/\/sebastienlauzeral.com\/dev\/gv\/?page_id=5599"},"modified":"2023-11-21T10:14:57","modified_gmt":"2023-11-21T09:14:57","slug":"newscast-2","status":"publish","type":"page","link":"https:\/\/www.guillaumeverdier.com\/en\/newscast-2\/","title":{"rendered":"Newscast"},"content":{"rendered":"\n<style type=\"text\/css\" data-created_by=\"avia_inline_auto\" id=\"style-css-av-159p32-320bcfc7bee8a645a09c3eb66ad05874\">\n.flex_column.av-159p32-320bcfc7bee8a645a09c3eb66ad05874{\nborder-radius:0px 0px 0px 0px;\npadding:0px 0px 0px 0px;\n}\n<\/style>\n<div  class='flex_column av-159p32-320bcfc7bee8a645a09c3eb66ad05874 av_one_full  avia-builder-el-0  el_before_av_slideshow_full  avia-builder-el-no-sibling  first flex_column_div av-zero-column-padding  '     ><style type=\"text\/css\" data-created_by=\"avia_inline_auto\" id=\"style-css-av-k126jx21-ca2c44311b858019a00a61ab0e31fc3b\">\n#top .av-special-heading.av-k126jx21-ca2c44311b858019a00a61ab0e31fc3b{\npadding-bottom:10px;\n}\nbody .av-special-heading.av-k126jx21-ca2c44311b858019a00a61ab0e31fc3b .av-special-heading-tag .heading-char{\nfont-size:25px;\n}\n.av-special-heading.av-k126jx21-ca2c44311b858019a00a61ab0e31fc3b .av-subheading{\nfont-size:15px;\n}\n<\/style>\n<div  class='av-special-heading av-k126jx21-ca2c44311b858019a00a61ab0e31fc3b av-special-heading-h1 blockquote modern-quote modern-centered  avia-builder-el-1  avia-builder-el-no-sibling  av-thin-font'><h1 class='av-special-heading-tag '  itemprop=\"headline\"  ><strong>Newscast<\/strong><\/h1><div class=\"special-heading-border\"><div class=\"special-heading-inner-border\"><\/div><\/div><\/div><\/div>\n<\/div><\/div><\/div><!-- close content main div --><\/div><\/div><div id='full_slider_1'  class='avia-fullwidth-slider main_color avia-shadow   avia-builder-el-2  el_after_av_one_full  el_before_av_one_fifth   slider-not-first container_wrap sidebar_right'  ><div  class='avia-slideshow av-k0pgplti-f45edbaa9111831c80355f7f41dbdf8e avia-slideshow-featured av_slideshow_full avia-slide-slider av-slideshow-ui av-control-default av-slideshow-manual av-loop-once av-loop-manual-endless av-default-height-applied   avia-slideshow-1' data-slideshow-options=\"{&quot;animation&quot;:&quot;slide&quot;,&quot;autoplay&quot;:false,&quot;loop_autoplay&quot;:&quot;once&quot;,&quot;interval&quot;:5,&quot;loop_manual&quot;:&quot;manual-endless&quot;,&quot;autoplay_stopper&quot;:false,&quot;noNavigation&quot;:false,&quot;bg_slider&quot;:false,&quot;keep_padding&quot;:false,&quot;hoverpause&quot;:false,&quot;show_slide_delay&quot;:0}\"  itemprop=\"image\" itemscope=\"itemscope\" itemtype=\"https:\/\/schema.org\/ImageObject\" ><ul class='avia-slideshow-inner ' style='padding-bottom: 28.666666666667%;'><li  class='avia-slideshow-slide av-k0pgplti-f45edbaa9111831c80355f7f41dbdf8e__0  av-single-slide slide-1 slide-odd'><div data-rel='slideshow-1' class='avia-slide-wrap '   ><img decoding=\"async\" fetchpriority=\"high\" class=\"wp-image-7275 avia-img-lazy-loading-not-7275\"  src=\"https:\/\/www.guillaumeverdier.com\/wp-content\/uploads\/2023\/01\/220919_YR_Gitana_535-1500x430.jpg\" width=\"1500\" height=\"430\" title='220919_YR_Gitana_535' alt=''  itemprop=\"thumbnailUrl\"   \/><\/div><\/li><\/ul><\/div><\/div><div id='after_full_slider_1'  class='main_color av_default_container_wrap container_wrap sidebar_right'  ><div class='container av-section-cont-open' ><div class='template-page content  av-content-small alpha units'><div class='post-entry post-entry-type-page post-entry-5599'><div class='entry-content-wrapper clearfix'>\n\n<style type=\"text\/css\" data-created_by=\"avia_inline_auto\" id=\"style-css-av-6xy3iu-dd6eff7818be1ab1a1f76db2d0311a7f\">\n.flex_column.av-6xy3iu-dd6eff7818be1ab1a1f76db2d0311a7f{\nborder-radius:0px 0px 0px 0px;\npadding:0px 0px 0px 0px;\n}\n<\/style>\n<div  class='flex_column av-6xy3iu-dd6eff7818be1ab1a1f76db2d0311a7f av_one_fifth  avia-builder-el-3  el_after_av_slideshow_full  el_before_av_three_fifth  avia-builder-el-first  first flex_column_div av-zero-column-padding  '     ><\/div>\n\n<style type=\"text\/css\" data-created_by=\"avia_inline_auto\" id=\"style-css-av-n9386-3f65483409c6374ab3306a8dccbb452b\">\n.flex_column.av-n9386-3f65483409c6374ab3306a8dccbb452b{\nborder-radius:0px 0px 0px 0px;\npadding:0px 0px 0px 0px;\n}\n<\/style>\n<div  class='flex_column av-n9386-3f65483409c6374ab3306a8dccbb452b av_three_fifth  avia-builder-el-4  el_after_av_one_fifth  el_before_av_one_fifth  flex_column_div av-zero-column-padding  '     ><section  class='av_textblock_section av-4crbx2-acebe04eb4b1d9583299bc25f274d97f '   itemscope=\"itemscope\" itemtype=\"https:\/\/schema.org\/CreativeWork\" ><div class='avia_textblock'  itemprop=\"text\" ><h2 style=\"text-align: center;\">Guillaume Verdier&#8217;s News<\/h2>\n<p style=\"text-align: center;\">To know all about Guillaume Verdier and his team: latest news, publications, projects &#8230;<\/p>\n<\/div><\/section><\/div>\n\n<style type=\"text\/css\" data-created_by=\"avia_inline_auto\" id=\"style-css-av-204zpi-0bd9a3658aa602a05abf6775c7aa1bc2\">\n.flex_column.av-204zpi-0bd9a3658aa602a05abf6775c7aa1bc2{\nborder-radius:0px 0px 0px 0px;\npadding:0px 0px 0px 0px;\n}\n<\/style>\n<div  class='flex_column av-204zpi-0bd9a3658aa602a05abf6775c7aa1bc2 av_one_fifth  avia-builder-el-6  el_after_av_three_fifth  el_before_av_one_full  flex_column_div av-zero-column-padding  '     ><\/div>\n\n<style type=\"text\/css\" data-created_by=\"avia_inline_auto\" id=\"style-css-av-159p32-1-4c91237a86225171915c88994ad77507\">\n.flex_column.av-159p32-1-4c91237a86225171915c88994ad77507{\nborder-radius:0px 0px 0px 0px;\npadding:0px 0px 0px 0px;\n}\n<\/style>\n<div  class='flex_column av-159p32-1-4c91237a86225171915c88994ad77507 av_one_full  avia-builder-el-7  el_after_av_one_fifth  avia-builder-el-last  first flex_column_div av-zero-column-padding  column-top-margin'     ><div id='av-masonry-1' class='av-masonry av-k0xplq1l-95b2faba306cdb0cab2d88fa054ed0c1 noHover av-flex-size av-large-gap av-hover-overlay-active av-masonry-animation- av-masonry-col-flexible av-caption-always av-caption-style- av-masonry-entries ' data-post_id=\"5599\"><div class=\"av-masonry-container isotope av-js-disabled\"><div class='av-masonry-entry isotope-item av-masonry-item-no-image '><\/div><a href=\"https:\/\/www.guillaumeverdier.com\/en\/gitana-18-engineering-a-flying-offshore-system\/\"  id='av-masonry-1-item-8915' data-av-masonry-item='8915' class='av-masonry-entry isotope-item post-8915 post type-post status-publish format-standard has-post-thumbnail hentry category-en_news category-en_newscast  av-masonry-item-with-image' title=\"PHOTO-2026-02-15-22-59-58 2\"   itemscope=\"itemscope\" itemtype=\"https:\/\/schema.org\/CreativeWork\" ><div class='av-inner-masonry-sizer'><\/div><figure class='av-inner-masonry main_color'><div class=\"av-masonry-outerimage-container\"><div class='av-masonry-image-container'  ><img decoding=\"async\" width=\"705\" height=\"470\" fetchpriority=\"high\" class=\"wp-image-8897 avia-img-lazy-loading-not-8897\"  src=\"https:\/\/www.guillaumeverdier.com\/wp-content\/uploads\/2026\/02\/PHOTO-2026-02-15-22-59-58-2-705x470.jpg\" title=\"PHOTO-2026-02-15-22-59-58 2\" alt=\"\" srcset=\"https:\/\/www.guillaumeverdier.com\/wp-content\/uploads\/2026\/02\/PHOTO-2026-02-15-22-59-58-2-705x470.jpg 705w, https:\/\/www.guillaumeverdier.com\/wp-content\/uploads\/2026\/02\/PHOTO-2026-02-15-22-59-58-2-300x200.jpg 300w, https:\/\/www.guillaumeverdier.com\/wp-content\/uploads\/2026\/02\/PHOTO-2026-02-15-22-59-58-2-1030x686.jpg 1030w, https:\/\/www.guillaumeverdier.com\/wp-content\/uploads\/2026\/02\/PHOTO-2026-02-15-22-59-58-2-768x512.jpg 768w, https:\/\/www.guillaumeverdier.com\/wp-content\/uploads\/2026\/02\/PHOTO-2026-02-15-22-59-58-2-1536x1023.jpg 1536w, https:\/\/www.guillaumeverdier.com\/wp-content\/uploads\/2026\/02\/PHOTO-2026-02-15-22-59-58-2-1500x999.jpg 1500w, https:\/\/www.guillaumeverdier.com\/wp-content\/uploads\/2026\/02\/PHOTO-2026-02-15-22-59-58-2.jpg 1600w\" sizes=\"(max-width: 705px) 100vw, 705px\" \/><\/div><\/div><figcaption class='av-inner-masonry-content site-background'><div class='av-inner-masonry-content-pos'><div class='av-inner-masonry-content-pos-content'><div class='avia-arrow'><\/div><h3 class='av-masonry-entry-title entry-title '  itemprop=\"headline\" >Gitana 18 &#8211; Engineering a Flying Offshore System<\/h3><span class='av-masonry-date meta-color updated'>16 February 2026<\/span><span class=\"av-masonry-text-sep text-sep-author\">\/<\/span><span class='av-masonry-author meta-color author'><span class='fn'>by CT_LaColloc<\/span><\/span><\/div><\/div><\/figcaption><\/figure><\/a><!--end av-masonry entry--><a href=\"https:\/\/www.guillaumeverdier.com\/en\/gitana-18-reimagining-offshore-flight-for-open-oceans\/\"  id='av-masonry-1-item-8904' data-av-masonry-item='8904' class='av-masonry-entry isotope-item post-8904 post type-post status-publish format-standard has-post-thumbnail hentry category-en_news category-en_newscast category-non-classe-en  av-masonry-item-with-image' title=\"SA708552\"   itemscope=\"itemscope\" itemtype=\"https:\/\/schema.org\/CreativeWork\" ><div class='av-inner-masonry-sizer'><\/div><figure class='av-inner-masonry main_color'><div class=\"av-masonry-outerimage-container\"><div class='av-masonry-image-container'  ><img decoding=\"async\" width=\"705\" height=\"470\" fetchpriority=\"high\" class=\"wp-image-8903 avia-img-lazy-loading-not-8903\"  src=\"https:\/\/www.guillaumeverdier.com\/wp-content\/uploads\/2026\/02\/SA708552-705x470.jpeg\" title=\"SA708552\" alt=\"\" srcset=\"https:\/\/www.guillaumeverdier.com\/wp-content\/uploads\/2026\/02\/SA708552-705x470.jpeg 705w, https:\/\/www.guillaumeverdier.com\/wp-content\/uploads\/2026\/02\/SA708552-300x200.jpeg 300w, https:\/\/www.guillaumeverdier.com\/wp-content\/uploads\/2026\/02\/SA708552-1030x687.jpeg 1030w, https:\/\/www.guillaumeverdier.com\/wp-content\/uploads\/2026\/02\/SA708552-768x512.jpeg 768w, https:\/\/www.guillaumeverdier.com\/wp-content\/uploads\/2026\/02\/SA708552-1536x1024.jpeg 1536w, https:\/\/www.guillaumeverdier.com\/wp-content\/uploads\/2026\/02\/SA708552-2048x1365.jpeg 2048w, https:\/\/www.guillaumeverdier.com\/wp-content\/uploads\/2026\/02\/SA708552-1500x1000.jpeg 1500w\" sizes=\"(max-width: 705px) 100vw, 705px\" \/><\/div><\/div><figcaption class='av-inner-masonry-content site-background'><div class='av-inner-masonry-content-pos'><div class='av-inner-masonry-content-pos-content'><div class='avia-arrow'><\/div><h3 class='av-masonry-entry-title entry-title '  itemprop=\"headline\" >Gitana 18: Reimagining Offshore Flight for Open Oceans<\/h3><span class='av-masonry-date meta-color updated'>16 February 2026<\/span><span class=\"av-masonry-text-sep text-sep-author\">\/<\/span><span class='av-masonry-author meta-color author'><span class='fn'>by CT_LaColloc<\/span><\/span><\/div><\/div><\/figcaption><\/figure><\/a><!--end av-masonry entry--><a href=\"https:\/\/www.guillaumeverdier.com\/en\/gitana-18-under-the-spotlight\/\"  id='av-masonry-1-item-8885' data-av-masonry-item='8885' class='av-masonry-entry isotope-item post-8885 post type-post status-publish format-standard hentry category-en_news category-en_newscast  av-masonry-item-no-image' title=\"Gitana 18 under the spotlight\"   itemscope=\"itemscope\" itemtype=\"https:\/\/schema.org\/CreativeWork\" ><div class='av-inner-masonry-sizer'><\/div><figure class='av-inner-masonry main_color'><figcaption class='av-inner-masonry-content site-background'><div class='av-inner-masonry-content-pos'><div class='av-inner-masonry-content-pos-content'><div class='avia-arrow'><\/div><h3 class='av-masonry-entry-title entry-title '  itemprop=\"headline\" >Gitana 18 under the spotlight<\/h3><span class='av-masonry-date meta-color updated'>28 January 2026<\/span><span class=\"av-masonry-text-sep text-sep-author\">\/<\/span><span class='av-masonry-author meta-color author'><span class='fn'>by CT_LaColloc<\/span><\/span><\/div><\/div><\/figcaption><\/figure><\/a><!--end av-masonry entry--><a href=\"https:\/\/www.guillaumeverdier.com\/en\/a-timeless-design-triumphs-again-at-the-rolex-sydney-hobart-yacht-race\/\"  id='av-masonry-1-item-8877' data-av-masonry-item='8877' class='av-masonry-entry isotope-item post-8877 post type-post status-publish format-standard hentry category-en_news category-en_newscast  av-masonry-item-no-image' title=\"A Timeless Design Triumphs Again at the Rolex Sydney Hobart Yacht Race\"   itemscope=\"itemscope\" itemtype=\"https:\/\/schema.org\/CreativeWork\" ><div class='av-inner-masonry-sizer'><\/div><figure class='av-inner-masonry main_color'><figcaption class='av-inner-masonry-content site-background'><div class='av-inner-masonry-content-pos'><div class='av-inner-masonry-content-pos-content'><div class='avia-arrow'><\/div><h3 class='av-masonry-entry-title entry-title '  itemprop=\"headline\" >A Timeless Design Triumphs Again at the Rolex Sydney Hobart Yacht Race<\/h3><span class='av-masonry-date meta-color updated'>28 January 2026<\/span><span class=\"av-masonry-text-sep text-sep-author\">\/<\/span><span class='av-masonry-author meta-color author'><span class='fn'>by CT_LaColloc<\/span><\/span><\/div><\/div><\/figcaption><\/figure><\/a><!--end av-masonry entry--><a href=\"https:\/\/www.guillaumeverdier.com\/en\/32m-maxi-edmond-de-rothschild-trimaran-gitana-18-launched\/\"  id='av-masonry-1-item-8881' data-av-masonry-item='8881' class='av-masonry-entry isotope-item post-8881 post type-post status-publish format-standard hentry category-en_news category-en_newscast  av-masonry-item-no-image' title=\"32m Maxi Edmond de Rothschild trimaran Gitana 18 launched\"   itemscope=\"itemscope\" itemtype=\"https:\/\/schema.org\/CreativeWork\" ><div class='av-inner-masonry-sizer'><\/div><figure class='av-inner-masonry main_color'><figcaption class='av-inner-masonry-content site-background'><div class='av-inner-masonry-content-pos'><div class='av-inner-masonry-content-pos-content'><div class='avia-arrow'><\/div><h3 class='av-masonry-entry-title entry-title '  itemprop=\"headline\" >32m Maxi Edmond de Rothschild trimaran Gitana 18 launched<\/h3><span class='av-masonry-date meta-color updated'>27 January 2026<\/span><span class=\"av-masonry-text-sep text-sep-author\">\/<\/span><span class='av-masonry-author meta-color author'><span class='fn'>by CT_LaColloc<\/span><\/span><\/div><\/div><\/figcaption><\/figure><\/a><!--end av-masonry entry--><a href=\"https:\/\/www.guillaumeverdier.com\/en\/8869\/\"  id='av-masonry-1-item-8869' data-av-masonry-item='8869' class='av-masonry-entry isotope-item post-8869 post type-post status-publish format-standard hentry category-en_news category-en_newscast  av-masonry-item-no-image' title=\"Macif Sant\u00e9 Pr\u00e9voyance, sailed by Sam Goodchild and Lo\u00efs Berrehar, claims victory in the 48 Heures Azimut\"   itemscope=\"itemscope\" itemtype=\"https:\/\/schema.org\/CreativeWork\" ><div class='av-inner-masonry-sizer'><\/div><figure class='av-inner-masonry main_color'><figcaption class='av-inner-masonry-content site-background'><div class='av-inner-masonry-content-pos'><div class='av-inner-masonry-content-pos-content'><div class='avia-arrow'><\/div><h3 class='av-masonry-entry-title entry-title '  itemprop=\"headline\" >Macif Sant\u00e9 Pr\u00e9voyance, sailed by Sam Goodchild and Lo\u00efs Berrehar, claims victory in the 48 Heures Azimut<\/h3><span class='av-masonry-date meta-color updated'>23 September 2025<\/span><span class=\"av-masonry-text-sep text-sep-author\">\/<\/span><span class='av-masonry-author meta-color author'><span class='fn'>by CT_LaColloc<\/span><\/span><\/div><\/div><\/figcaption><\/figure><\/a><!--end av-masonry entry--><a href=\"https:\/\/www.guillaumeverdier.com\/en\/biotherm-claims-the-ocean-race-europe-on-guillaume-verdier-designed-foiler\/\"  id='av-masonry-1-item-8862' data-av-masonry-item='8862' class='av-masonry-entry isotope-item post-8862 post type-post status-publish format-standard has-post-thumbnail hentry category-en_news category-en_newscast  av-masonry-item-with-image' title=\"QPTR02\"   itemscope=\"itemscope\" itemtype=\"https:\/\/schema.org\/CreativeWork\" ><div class='av-inner-masonry-sizer'><\/div><figure class='av-inner-masonry main_color'><div class=\"av-masonry-outerimage-container\"><div class='av-masonry-image-container'  ><img decoding=\"async\" fetchpriority=\"high\" class=\"wp-image-7700 avia-img-lazy-loading-not-7700\"  src=\"https:\/\/www.guillaumeverdier.com\/wp-content\/uploads\/2023\/02\/QPTR02-1.jpg\" title=\"QPTR02\" alt=\"\" \/><\/div><\/div><figcaption class='av-inner-masonry-content site-background'><div class='av-inner-masonry-content-pos'><div class='av-inner-masonry-content-pos-content'><div class='avia-arrow'><\/div><h3 class='av-masonry-entry-title entry-title '  itemprop=\"headline\" >Biotherm claims The Ocean Race Europe on Guillaume Verdier-designed foiler!<\/h3><span class='av-masonry-date meta-color updated'>23 September 2025<\/span><span class=\"av-masonry-text-sep text-sep-author\">\/<\/span><span class='av-masonry-author meta-color author'><span class='fn'>by CT_LaColloc<\/span><\/span><\/div><\/div><\/figcaption><\/figure><\/a><!--end av-masonry entry--><a href=\"https:\/\/www.guillaumeverdier.com\/en\/consistency-the-key-to-biotherms-dominance\/\"  id='av-masonry-1-item-8854' data-av-masonry-item='8854' class='av-masonry-entry isotope-item post-8854 post type-post status-publish format-standard has-post-thumbnail hentry category-en_news category-en_newscast  av-masonry-item-with-image' title=\"QPTR07\"   itemscope=\"itemscope\" itemtype=\"https:\/\/schema.org\/CreativeWork\" ><div class='av-inner-masonry-sizer'><\/div><figure class='av-inner-masonry main_color'><div class=\"av-masonry-outerimage-container\"><div class='av-masonry-image-container'  ><img decoding=\"async\" width=\"705\" height=\"470\" fetchpriority=\"high\" class=\"wp-image-7682 avia-img-lazy-loading-not-7682\"  src=\"https:\/\/www.guillaumeverdier.com\/wp-content\/uploads\/2023\/02\/QPTR07-705x470.jpg\" title=\"QPTR07\" alt=\"\" srcset=\"https:\/\/www.guillaumeverdier.com\/wp-content\/uploads\/2023\/02\/QPTR07-705x470.jpg 705w, https:\/\/www.guillaumeverdier.com\/wp-content\/uploads\/2023\/02\/QPTR07-300x200.jpg 300w, https:\/\/www.guillaumeverdier.com\/wp-content\/uploads\/2023\/02\/QPTR07-1030x686.jpg 1030w, https:\/\/www.guillaumeverdier.com\/wp-content\/uploads\/2023\/02\/QPTR07-768x512.jpg 768w, https:\/\/www.guillaumeverdier.com\/wp-content\/uploads\/2023\/02\/QPTR07-1536x1023.jpg 1536w, https:\/\/www.guillaumeverdier.com\/wp-content\/uploads\/2023\/02\/QPTR07-2048x1364.jpg 2048w, https:\/\/www.guillaumeverdier.com\/wp-content\/uploads\/2023\/02\/QPTR07-1500x999.jpg 1500w\" sizes=\"(max-width: 705px) 100vw, 705px\" \/><\/div><\/div><figcaption class='av-inner-masonry-content site-background'><div class='av-inner-masonry-content-pos'><div class='av-inner-masonry-content-pos-content'><div class='avia-arrow'><\/div><h3 class='av-masonry-entry-title entry-title '  itemprop=\"headline\" >Consistency the key to Biotherm&#8217;s dominance<\/h3><span class='av-masonry-date meta-color updated'>17 September 2025<\/span><span class=\"av-masonry-text-sep text-sep-author\">\/<\/span><span class='av-masonry-author meta-color author'><span class='fn'>by CT_LaColloc<\/span><\/span><\/div><\/div><\/figcaption><\/figure><\/a><!--end av-masonry entry--><a href=\"https:\/\/www.guillaumeverdier.com\/en\/paul-meilhat-and-his-crew-on-biotherm-complete-an-immaculate-start-to-the-ocean-race-europe-with-victory-in-leg-2\/\"  id='av-masonry-1-item-8839' data-av-masonry-item='8839' class='av-masonry-entry isotope-item post-8839 post type-post status-publish format-standard has-post-thumbnail hentry category-en_news category-en_newscast  av-masonry-item-with-image' title=\"QPTR06\"   itemscope=\"itemscope\" itemtype=\"https:\/\/schema.org\/CreativeWork\" ><div class='av-inner-masonry-sizer'><\/div><figure class='av-inner-masonry main_color'><div class=\"av-masonry-outerimage-container\"><div class='av-masonry-image-container'  ><img decoding=\"async\" width=\"2560\" height=\"1707\" fetchpriority=\"high\" class=\"wp-image-7694 avia-img-lazy-loading-not-7694\"  src=\"https:\/\/www.guillaumeverdier.com\/wp-content\/uploads\/2023\/02\/QPTR06-1-scaled.jpg\" title=\"QPTR06\" alt=\"\" srcset=\"https:\/\/www.guillaumeverdier.com\/wp-content\/uploads\/2023\/02\/QPTR06-1-scaled.jpg 2560w, https:\/\/www.guillaumeverdier.com\/wp-content\/uploads\/2023\/02\/QPTR06-1-300x200.jpg 300w, https:\/\/www.guillaumeverdier.com\/wp-content\/uploads\/2023\/02\/QPTR06-1-1030x687.jpg 1030w, https:\/\/www.guillaumeverdier.com\/wp-content\/uploads\/2023\/02\/QPTR06-1-768x512.jpg 768w\" sizes=\"(max-width: 2560px) 100vw, 2560px\" \/><\/div><\/div><figcaption class='av-inner-masonry-content site-background'><div class='av-inner-masonry-content-pos'><div class='av-inner-masonry-content-pos-content'><div class='avia-arrow'><\/div><h3 class='av-masonry-entry-title entry-title '  itemprop=\"headline\" >Paul Meilhat and his crew on Biotherm complete an immaculate start to The Ocean Race Europe with victory in Leg 2<\/h3><span class='av-masonry-date meta-color updated'>25 August 2025<\/span><span class=\"av-masonry-text-sep text-sep-author\">\/<\/span><span class='av-masonry-author meta-color author'><span class='fn'>by CT_LaColloc<\/span><\/span><\/div><\/div><\/figcaption><\/figure><\/a><!--end av-masonry entry--><a href=\"https:\/\/www.guillaumeverdier.com\/en\/the-ocean-race-europe-meilhat-takes-the-spoils-in-portsmouth-while-team-malizia-gets-in-just-ahead-of-paprec-arkea\/\"  id='av-masonry-1-item-8831' data-av-masonry-item='8831' class='av-masonry-entry isotope-item post-8831 post type-post status-publish format-standard has-post-thumbnail hentry category-en_news category-en_newscast  av-masonry-item-with-image' title=\"QPTR03\"   itemscope=\"itemscope\" itemtype=\"https:\/\/schema.org\/CreativeWork\" ><div class='av-inner-masonry-sizer'><\/div><figure class='av-inner-masonry main_color'><div class=\"av-masonry-outerimage-container\"><div class='av-masonry-image-container'  ><img decoding=\"async\" fetchpriority=\"high\" class=\"wp-image-7698 avia-img-lazy-loading-not-7698\"  src=\"https:\/\/www.guillaumeverdier.com\/wp-content\/uploads\/2023\/02\/QPTR03-1.jpg\" title=\"QPTR03\" alt=\"\" \/><\/div><\/div><figcaption class='av-inner-masonry-content site-background'><div class='av-inner-masonry-content-pos'><div class='av-inner-masonry-content-pos-content'><div class='avia-arrow'><\/div><h3 class='av-masonry-entry-title entry-title '  itemprop=\"headline\" >The Ocean Race Europe: Meilhat takes the spoils in Portsmouth while Team Malizia gets in just ahead of Paprec Ark\u00e9a<\/h3><span class='av-masonry-date meta-color updated'>15 August 2025<\/span><span class=\"av-masonry-text-sep text-sep-author\">\/<\/span><span class='av-masonry-author meta-color author'><span class='fn'>by CT_LaColloc<\/span><\/span><\/div><\/div><\/figcaption><\/figure><\/a><!--end av-masonry entry--><a href=\"https:\/\/www.guillaumeverdier.com\/en\/bonafous-scores-her-first-imoca-class-win-in-the-rolex-fastnet-race\/\"  id='av-masonry-1-item-8847' data-av-masonry-item='8847' class='av-masonry-entry isotope-item post-8847 post type-post status-publish format-standard hentry category-en_news category-en_newscast  av-masonry-item-no-image' title=\"Bonafous scores her first IMOCA Class win in the Rolex Fastnet Race\"   itemscope=\"itemscope\" itemtype=\"https:\/\/schema.org\/CreativeWork\" ><div class='av-inner-masonry-sizer'><\/div><figure class='av-inner-masonry main_color'><figcaption class='av-inner-masonry-content site-background'><div class='av-inner-masonry-content-pos'><div class='av-inner-masonry-content-pos-content'><div class='avia-arrow'><\/div><h3 class='av-masonry-entry-title entry-title '  itemprop=\"headline\" >Bonafous scores her first IMOCA Class win in the Rolex Fastnet Race<\/h3><span class='av-masonry-date meta-color updated'>30 July 2025<\/span><span class=\"av-masonry-text-sep text-sep-author\">\/<\/span><span class='av-masonry-author meta-color author'><span class='fn'>by CT_LaColloc<\/span><\/span><\/div><\/div><\/figcaption><\/figure><\/a><!--end av-masonry entry--><a href=\"https:\/\/www.guillaumeverdier.com\/en\/giovanni-soldini-ferrari-unveil-hypersail-the-first-flying-monohull-to-race-around-the-world\/\"  id='av-masonry-1-item-8713' data-av-masonry-item='8713' class='av-masonry-entry isotope-item post-8713 post type-post status-publish format-standard has-post-thumbnail hentry category-en_news category-en_newscast  av-masonry-item-with-image' title=\"Hypersail Ferrari\"   itemscope=\"itemscope\" itemtype=\"https:\/\/schema.org\/CreativeWork\" ><div class='av-inner-masonry-sizer'><\/div><figure class='av-inner-masonry main_color'><div class=\"av-masonry-outerimage-container\"><div class='av-masonry-image-container'  ><img decoding=\"async\" width=\"705\" height=\"369\" fetchpriority=\"high\" class=\"wp-image-8717 avia-img-lazy-loading-not-8717\"  src=\"https:\/\/www.guillaumeverdier.com\/wp-content\/uploads\/2025\/07\/Hypersail-Ferrari--705x369.webp\" title=\"Hypersail Ferrari\" alt=\"\" srcset=\"https:\/\/www.guillaumeverdier.com\/wp-content\/uploads\/2025\/07\/Hypersail-Ferrari--705x369.webp 705w, https:\/\/www.guillaumeverdier.com\/wp-content\/uploads\/2025\/07\/Hypersail-Ferrari--300x157.webp 300w, https:\/\/www.guillaumeverdier.com\/wp-content\/uploads\/2025\/07\/Hypersail-Ferrari--768x402.webp 768w, https:\/\/www.guillaumeverdier.com\/wp-content\/uploads\/2025\/07\/Hypersail-Ferrari-.webp 940w\" sizes=\"(max-width: 705px) 100vw, 705px\" \/><\/div><\/div><figcaption class='av-inner-masonry-content site-background'><div class='av-inner-masonry-content-pos'><div class='av-inner-masonry-content-pos-content'><div class='avia-arrow'><\/div><h3 class='av-masonry-entry-title entry-title '  itemprop=\"headline\" >Giovanni Soldini &#038; Ferrari unveil &#8220;Hypersail&#8221;: the first flying monohull to race around the world<\/h3><span class='av-masonry-date meta-color updated'>1 July 2025<\/span><span class=\"av-masonry-text-sep text-sep-author\">\/<\/span><span class='av-masonry-author meta-color author'><span class='fn'>by CT_LaColloc<\/span><\/span><\/div><\/div><\/figcaption><\/figure><\/a><!--end av-masonry entry--><a href=\"https:\/\/www.guillaumeverdier.com\/en\/video-gitana-18-an-exceptional-project-built-under-high-confidentiality\/\"  id='av-masonry-1-item-8695' data-av-masonry-item='8695' class='av-masonry-entry isotope-item post-8695 post type-post status-publish format-standard has-post-thumbnail hentry category-en_news category-en_newscast  av-masonry-item-with-image' title=\"221116_ES_Gitana_344\"   itemscope=\"itemscope\" itemtype=\"https:\/\/schema.org\/CreativeWork\" ><div class='av-inner-masonry-sizer'><\/div><figure class='av-inner-masonry main_color'><div class=\"av-masonry-outerimage-container\"><div class='av-masonry-image-container'  ><img decoding=\"async\" width=\"705\" height=\"470\" fetchpriority=\"high\" class=\"wp-image-7283 avia-img-lazy-loading-not-7283\"  src=\"https:\/\/www.guillaumeverdier.com\/wp-content\/uploads\/2023\/01\/221116_ES_Gitana_344-705x470.jpg\" title=\"221116_ES_Gitana_344\" alt=\"\" srcset=\"https:\/\/www.guillaumeverdier.com\/wp-content\/uploads\/2023\/01\/221116_ES_Gitana_344-705x470.jpg 705w, https:\/\/www.guillaumeverdier.com\/wp-content\/uploads\/2023\/01\/221116_ES_Gitana_344-300x200.jpg 300w, https:\/\/www.guillaumeverdier.com\/wp-content\/uploads\/2023\/01\/221116_ES_Gitana_344-1030x686.jpg 1030w, https:\/\/www.guillaumeverdier.com\/wp-content\/uploads\/2023\/01\/221116_ES_Gitana_344-768x512.jpg 768w, https:\/\/www.guillaumeverdier.com\/wp-content\/uploads\/2023\/01\/221116_ES_Gitana_344-1536x1024.jpg 1536w, https:\/\/www.guillaumeverdier.com\/wp-content\/uploads\/2023\/01\/221116_ES_Gitana_344-1500x1000.jpg 1500w, https:\/\/www.guillaumeverdier.com\/wp-content\/uploads\/2023\/01\/221116_ES_Gitana_344.jpg 2000w\" sizes=\"(max-width: 705px) 100vw, 705px\" \/><\/div><\/div><figcaption class='av-inner-masonry-content site-background'><div class='av-inner-masonry-content-pos'><div class='av-inner-masonry-content-pos-content'><div class='avia-arrow'><\/div><h3 class='av-masonry-entry-title entry-title '  itemprop=\"headline\" >Vid\u00e9o. Gitana 18: An Exceptional Project Built Under High Confidentiality<\/h3><span class='av-masonry-date meta-color updated'>29 May 2025<\/span><span class=\"av-masonry-text-sep text-sep-author\">\/<\/span><span class='av-masonry-author meta-color author'><span class='fn'>by CT_LaColloc<\/span><\/span><\/div><\/div><\/figcaption><\/figure><\/a><!--end av-masonry entry--><a href=\"https:\/\/www.guillaumeverdier.com\/en\/video-g18-nda-episode-1-conception-%e2%9c%8d%ef%b8%8f\/\"  id='av-masonry-1-item-8687' data-av-masonry-item='8687' class='av-masonry-entry isotope-item post-8687 post type-post status-publish format-standard has-post-thumbnail hentry category-en_news category-en_newscast  av-masonry-item-with-image' title=\"221116_ES_Gitana_344\"   itemscope=\"itemscope\" itemtype=\"https:\/\/schema.org\/CreativeWork\" ><div class='av-inner-masonry-sizer'><\/div><figure class='av-inner-masonry main_color'><div class=\"av-masonry-outerimage-container\"><div class='av-masonry-image-container'  ><img decoding=\"async\" width=\"705\" height=\"470\" fetchpriority=\"high\" class=\"wp-image-7283 avia-img-lazy-loading-not-7283\"  src=\"https:\/\/www.guillaumeverdier.com\/wp-content\/uploads\/2023\/01\/221116_ES_Gitana_344-705x470.jpg\" title=\"221116_ES_Gitana_344\" alt=\"\" srcset=\"https:\/\/www.guillaumeverdier.com\/wp-content\/uploads\/2023\/01\/221116_ES_Gitana_344-705x470.jpg 705w, https:\/\/www.guillaumeverdier.com\/wp-content\/uploads\/2023\/01\/221116_ES_Gitana_344-300x200.jpg 300w, https:\/\/www.guillaumeverdier.com\/wp-content\/uploads\/2023\/01\/221116_ES_Gitana_344-1030x686.jpg 1030w, https:\/\/www.guillaumeverdier.com\/wp-content\/uploads\/2023\/01\/221116_ES_Gitana_344-768x512.jpg 768w, https:\/\/www.guillaumeverdier.com\/wp-content\/uploads\/2023\/01\/221116_ES_Gitana_344-1536x1024.jpg 1536w, https:\/\/www.guillaumeverdier.com\/wp-content\/uploads\/2023\/01\/221116_ES_Gitana_344-1500x1000.jpg 1500w, https:\/\/www.guillaumeverdier.com\/wp-content\/uploads\/2023\/01\/221116_ES_Gitana_344.jpg 2000w\" sizes=\"(max-width: 705px) 100vw, 705px\" \/><\/div><\/div><figcaption class='av-inner-masonry-content site-background'><div class='av-inner-masonry-content-pos'><div class='av-inner-masonry-content-pos-content'><div class='avia-arrow'><\/div><h3 class='av-masonry-entry-title entry-title '  itemprop=\"headline\" >Vid\u00e9o. G18 NDA &#8211; Episode 1 : Conception \u270d\ufe0f<\/h3><span class='av-masonry-date meta-color updated'>29 May 2025<\/span><span class=\"av-masonry-text-sep text-sep-author\">\/<\/span><span class='av-masonry-author meta-color author'><span class='fn'>by CT_LaColloc<\/span><\/span><\/div><\/div><\/figcaption><\/figure><\/a><!--end av-masonry entry--><a href=\"https:\/\/www.guillaumeverdier.com\/en\/vendee-globe-2028-justine-mettraux-to-line-up-aboard-a-new-verdier-design-teamwork-team-snef\/\"  id='av-masonry-1-item-8606' data-av-masonry-item='8606' class='av-masonry-entry isotope-item post-8606 post type-post status-publish format-standard has-post-thumbnail hentry category-en_news category-en_newscast  av-masonry-item-with-image' title=\"01\"   itemscope=\"itemscope\" itemtype=\"https:\/\/schema.org\/CreativeWork\" ><div class='av-inner-masonry-sizer'><\/div><figure class='av-inner-masonry main_color'><div class=\"av-masonry-outerimage-container\"><div class='av-masonry-image-container'  ><img decoding=\"async\" width=\"705\" height=\"397\" fetchpriority=\"high\" class=\"wp-image-8610 avia-img-lazy-loading-not-8610\"  src=\"https:\/\/www.guillaumeverdier.com\/wp-content\/uploads\/2025\/05\/01-705x397.png\" title=\"01\" alt=\"\" srcset=\"https:\/\/www.guillaumeverdier.com\/wp-content\/uploads\/2025\/05\/01-705x397.png 705w, https:\/\/www.guillaumeverdier.com\/wp-content\/uploads\/2025\/05\/01-300x169.png 300w, https:\/\/www.guillaumeverdier.com\/wp-content\/uploads\/2025\/05\/01-1030x579.png 1030w, https:\/\/www.guillaumeverdier.com\/wp-content\/uploads\/2025\/05\/01-768x432.png 768w, https:\/\/www.guillaumeverdier.com\/wp-content\/uploads\/2025\/05\/01-1536x864.png 1536w, https:\/\/www.guillaumeverdier.com\/wp-content\/uploads\/2025\/05\/01-2048x1152.png 2048w, https:\/\/www.guillaumeverdier.com\/wp-content\/uploads\/2025\/05\/01-1500x844.png 1500w\" sizes=\"(max-width: 705px) 100vw, 705px\" \/><\/div><\/div><figcaption class='av-inner-masonry-content site-background'><div class='av-inner-masonry-content-pos'><div class='av-inner-masonry-content-pos-content'><div class='avia-arrow'><\/div><h3 class='av-masonry-entry-title entry-title '  itemprop=\"headline\" >Vend\u00e9e Globe 2028 \u2013 Justine Mettraux to line up aboard a new Verdier design: TeamWork \u2013 Team Snef<\/h3><span class='av-masonry-date meta-color updated'>26 May 2025<\/span><span class=\"av-masonry-text-sep text-sep-author\">\/<\/span><span class='av-masonry-author meta-color author'><span class='fn'>by CT_LaColloc<\/span><\/span><\/div><\/div><\/figcaption><\/figure><\/a><!--end av-masonry entry--><a href=\"https:\/\/www.guillaumeverdier.com\/en\/podcast-into-the-wind-guillaume-verdier-the-architect-behind-the-greatest-wins\/\"  id='av-masonry-1-item-8598' data-av-masonry-item='8598' class='av-masonry-entry isotope-item post-8598 post type-post status-publish format-standard has-post-thumbnail hentry category-en_news category-en_newscast  av-masonry-item-with-image' title=\"Logo-Guillaume-Verdier-architecture-navale-retina-NEW\"   itemscope=\"itemscope\" itemtype=\"https:\/\/schema.org\/CreativeWork\" ><div class='av-inner-masonry-sizer'><\/div><figure class='av-inner-masonry main_color'><div class=\"av-masonry-outerimage-container\"><div class='av-masonry-image-container'  ><img decoding=\"async\" width=\"500\" height=\"200\" fetchpriority=\"high\" class=\"wp-image-8599 avia-img-lazy-loading-not-8599\"  src=\"https:\/\/www.guillaumeverdier.com\/wp-content\/uploads\/2014\/12\/Logo-Guillaume-Verdier-architecture-navale-retina-NEW.png\" title=\"Logo-Guillaume-Verdier-architecture-navale-retina-NEW\" alt=\"\" srcset=\"https:\/\/www.guillaumeverdier.com\/wp-content\/uploads\/2014\/12\/Logo-Guillaume-Verdier-architecture-navale-retina-NEW.png 500w, https:\/\/www.guillaumeverdier.com\/wp-content\/uploads\/2014\/12\/Logo-Guillaume-Verdier-architecture-navale-retina-NEW-300x120.png 300w, https:\/\/www.guillaumeverdier.com\/wp-content\/uploads\/2014\/12\/Logo-Guillaume-Verdier-architecture-navale-retina-NEW-320x128.png 320w\" sizes=\"(max-width: 500px) 100vw, 500px\" \/><\/div><\/div><figcaption class='av-inner-masonry-content site-background'><div class='av-inner-masonry-content-pos'><div class='av-inner-masonry-content-pos-content'><div class='avia-arrow'><\/div><h3 class='av-masonry-entry-title entry-title '  itemprop=\"headline\" >Podcast. Into the Wind\/ Guillaume Verdier: The Architect Behind the Greatest Wins<\/h3><span class='av-masonry-date meta-color updated'>26 May 2025<\/span><span class=\"av-masonry-text-sep text-sep-author\">\/<\/span><span class='av-masonry-author meta-color author'><span class='fn'>by CT_LaColloc<\/span><\/span><\/div><\/div><\/figcaption><\/figure><\/a><!--end av-masonry entry--><a href=\"https:\/\/www.guillaumeverdier.com\/en\/video-behind-the-sails-of-magic-carpet-e-the-latest-100ft-maxi-designed-by-guillaume-verdier-and-his-team-2\/\"  id='av-masonry-1-item-8588' data-av-masonry-item='8588' class='av-masonry-entry isotope-item post-8588 post type-post status-publish format-standard hentry category-en_news category-en_newscast  av-masonry-item-no-image' title=\"Video. Behind the Sails of Magic Carpet E, the latest 100ft Maxi designed by Guillaume Verdier and his team\"   itemscope=\"itemscope\" itemtype=\"https:\/\/schema.org\/CreativeWork\" ><div class='av-inner-masonry-sizer'><\/div><figure class='av-inner-masonry main_color'><figcaption class='av-inner-masonry-content site-background'><div class='av-inner-masonry-content-pos'><div class='av-inner-masonry-content-pos-content'><div class='avia-arrow'><\/div><h3 class='av-masonry-entry-title entry-title '  itemprop=\"headline\" >Video. Behind the Sails of Magic Carpet E, the latest 100ft Maxi designed by Guillaume Verdier and his team<\/h3><span class='av-masonry-date meta-color updated'>26 May 2025<\/span><span class=\"av-masonry-text-sep text-sep-author\">\/<\/span><span class='av-masonry-author meta-color author'><span class='fn'>by CT_LaColloc<\/span><\/span><\/div><\/div><\/figcaption><\/figure><\/a><!--end av-masonry entry--><a href=\"https:\/\/www.guillaumeverdier.com\/en\/%e2%9e%a1%ef%b8%8f-video-on-board-hands-on-magic-carpet-e\/\"  id='av-masonry-1-item-8566' data-av-masonry-item='8566' class='av-masonry-entry isotope-item post-8566 post type-post status-publish format-standard hentry category-en_news category-en_newscast category-non-classe-en  av-masonry-item-no-image' title=\"\u27a1\ufe0f &#8220;Video: On Board &#038; Hands On &#8211; Magic Carpet-e\"   itemscope=\"itemscope\" itemtype=\"https:\/\/schema.org\/CreativeWork\" ><div class='av-inner-masonry-sizer'><\/div><figure class='av-inner-masonry main_color'><figcaption class='av-inner-masonry-content site-background'><div class='av-inner-masonry-content-pos'><div class='av-inner-masonry-content-pos-content'><div class='avia-arrow'><\/div><h3 class='av-masonry-entry-title entry-title '  itemprop=\"headline\" >\u27a1\ufe0f &#8220;Video: On Board &#038; Hands On &#8211; Magic Carpet-e<\/h3><span class='av-masonry-date meta-color updated'>22 May 2025<\/span><span class=\"av-masonry-text-sep text-sep-author\">\/<\/span><span class='av-masonry-author meta-color author'><span class='fn'>by CT_LaColloc<\/span><\/span><\/div><\/div><\/figcaption><\/figure><\/a><!--end av-masonry entry--><a href=\"https:\/\/www.guillaumeverdier.com\/en\/guillaume-verdier-architect-of-gitana-18-this-boat-marks-a-new-technological-breakthrough\/\"  id='av-masonry-1-item-8559' data-av-masonry-item='8559' class='av-masonry-entry isotope-item post-8559 post type-post status-publish format-standard hentry category-en_news category-en_newscast  av-masonry-item-no-image' title=\"Guillaume Verdier, architect of Gitana 18: \u201cThis boat marks a new technological breakthrough\u201d\"   itemscope=\"itemscope\" itemtype=\"https:\/\/schema.org\/CreativeWork\" ><div class='av-inner-masonry-sizer'><\/div><figure class='av-inner-masonry main_color'><figcaption class='av-inner-masonry-content site-background'><div class='av-inner-masonry-content-pos'><div class='av-inner-masonry-content-pos-content'><div class='avia-arrow'><\/div><h3 class='av-masonry-entry-title entry-title '  itemprop=\"headline\" >Guillaume Verdier, architect of Gitana 18: \u201cThis boat marks a new technological breakthrough\u201d<\/h3><span class='av-masonry-date meta-color updated'>22 May 2025<\/span><span class=\"av-masonry-text-sep text-sep-author\">\/<\/span><span class='av-masonry-author meta-color author'><span class='fn'>by CT_LaColloc<\/span><\/span><\/div><\/div><\/figcaption><\/figure><\/a><!--end av-masonry entry--><a href=\"https:\/\/www.guillaumeverdier.com\/en\/magic-carpet-e-100-feet-37-tons-and-a-canting-keel-the-new-weapon-by-verdier-and-his-team\/\"  id='av-masonry-1-item-8539' data-av-masonry-item='8539' class='av-masonry-entry isotope-item post-8539 post type-post status-publish format-standard hentry category-en_news category-en_newscast  av-masonry-item-no-image' title=\"Magic Carpet-E: 100 Feet, 37 Tons and a Canting Keel \u2013 The New Weapon by Verdier and His Team\"   itemscope=\"itemscope\" itemtype=\"https:\/\/schema.org\/CreativeWork\" ><div class='av-inner-masonry-sizer'><\/div><figure class='av-inner-masonry main_color'><figcaption class='av-inner-masonry-content site-background'><div class='av-inner-masonry-content-pos'><div class='av-inner-masonry-content-pos-content'><div class='avia-arrow'><\/div><h3 class='av-masonry-entry-title entry-title '  itemprop=\"headline\" >Magic Carpet-E: 100 Feet, 37 Tons and a Canting Keel \u2013 The New Weapon by Verdier and His Team<\/h3><span class='av-masonry-date meta-color updated'>22 May 2025<\/span><span class=\"av-masonry-text-sep text-sep-author\">\/<\/span><span class='av-masonry-author meta-color author'><span class='fn'>by CT_LaColloc<\/span><\/span><\/div><\/div><\/figcaption><\/figure><\/a><!--end av-masonry entry--><a href=\"https:\/\/www.guillaumeverdier.com\/en\/vendee-globe-2028-sebastien-simon-and-dubreuil-launch-the-construction-of-a-new-boat-designed-by-architect-guillaume-verdier\/\"  id='av-masonry-1-item-8522' data-av-masonry-item='8522' class='av-masonry-entry isotope-item post-8522 post type-post status-publish format-standard has-post-thumbnail hentry category-en_news category-en_newscast  av-masonry-item-with-image' title=\"Vend\u00e9e Globe 2024 &#8211; Finish Vendee Globe 2024\"   itemscope=\"itemscope\" itemtype=\"https:\/\/schema.org\/CreativeWork\" ><div class='av-inner-masonry-sizer'><\/div><figure class='av-inner-masonry main_color'><div class=\"av-masonry-outerimage-container\"><div class='av-masonry-image-container'  ><img decoding=\"async\" width=\"705\" height=\"470\" fetchpriority=\"high\" class=\"wp-image-8666 avia-img-lazy-loading-not-8666\"  src=\"https:\/\/www.guillaumeverdier.com\/wp-content\/uploads\/2025\/05\/vg2024-2501170958-vg24-dubreuil-celebration-1701-haute-definition-1-705x470.jpg\" title=\"Vend\u00e9e Globe 2024 &#8211; Finish Vendee Globe 2024\" alt=\"\" srcset=\"https:\/\/www.guillaumeverdier.com\/wp-content\/uploads\/2025\/05\/vg2024-2501170958-vg24-dubreuil-celebration-1701-haute-definition-1-705x470.jpg 705w, https:\/\/www.guillaumeverdier.com\/wp-content\/uploads\/2025\/05\/vg2024-2501170958-vg24-dubreuil-celebration-1701-haute-definition-1-300x200.jpg 300w, https:\/\/www.guillaumeverdier.com\/wp-content\/uploads\/2025\/05\/vg2024-2501170958-vg24-dubreuil-celebration-1701-haute-definition-1-1030x687.jpg 1030w, https:\/\/www.guillaumeverdier.com\/wp-content\/uploads\/2025\/05\/vg2024-2501170958-vg24-dubreuil-celebration-1701-haute-definition-1-768x512.jpg 768w, https:\/\/www.guillaumeverdier.com\/wp-content\/uploads\/2025\/05\/vg2024-2501170958-vg24-dubreuil-celebration-1701-haute-definition-1-1536x1024.jpg 1536w, https:\/\/www.guillaumeverdier.com\/wp-content\/uploads\/2025\/05\/vg2024-2501170958-vg24-dubreuil-celebration-1701-haute-definition-1-2048x1365.jpg 2048w, https:\/\/www.guillaumeverdier.com\/wp-content\/uploads\/2025\/05\/vg2024-2501170958-vg24-dubreuil-celebration-1701-haute-definition-1-1500x1000.jpg 1500w\" sizes=\"(max-width: 705px) 100vw, 705px\" \/><\/div><\/div><figcaption class='av-inner-masonry-content site-background'><div class='av-inner-masonry-content-pos'><div class='av-inner-masonry-content-pos-content'><div class='avia-arrow'><\/div><h3 class='av-masonry-entry-title entry-title '  itemprop=\"headline\" >Vend\u00e9e Globe 2028. S\u00e9bastien Simon and Dubreuil launch the construction of a new boat designed by architect Guillaume Verdier<\/h3><span class='av-masonry-date meta-color updated'>22 May 2025<\/span><span class=\"av-masonry-text-sep text-sep-author\">\/<\/span><span class='av-masonry-author meta-color author'><span class='fn'>by CT_LaColloc<\/span><\/span><\/div><\/div><\/figcaption><\/figure><\/a><!--end av-masonry entry--><\/div><a class='av-masonry-pagination av-masonry-load-more' href='#load-more'  data-link='category, 250,251,178,179,180'  data-term_rel='IN'  data-wc_prod_visible=''  data-wc_prod_hidden='hide'  data-wc_prod_featured=''  data-wc_prod_sale=''  data-prod_order_by=''  data-prod_order=''  data-date_filter=''  data-date_filter_start=''  data-date_filter_end=''  data-date_filter_format='yy\/mm\/dd'  data-period_filter_unit_1='1'  data-period_filter_unit_2='year'  data-page_element_filter=''  data-sort='no'  data-query_orderby='date'  data-query_order='DESC'  data-caption_elements='title'  data-caption_styling=''  data-caption_display='always'  data-img_copyright=''  data-size='flex'  data-orientation=''  data-image_size='masonry'  data-gap='large'  data-columns='flexible'  data-av-desktop-columns=''  data-av-medium-columns=''  data-av-small-columns=''  data-av-mini-columns=''  data-items='21'  data-paginate='load_more'  data-color=''  data-custom_bg=''  data-img_copyright_font=''  data-av-desktop-font-img_copyright_font=''  data-av-medium-font-img_copyright_font=''  data-av-small-font-img_copyright_font=''  data-av-mini-font-img_copyright_font=''  data-img_copyright_color=''  data-img_copyright_bg=''  data-animation=''  data-animation_duration=''  data-animation_custom_bg_color=''  data-animation_custom_bg_color_multi_list=''  data-animation_z_index_curtain='100'  data-overlay_fx='active'  data-img_scrset=''  data-lazy_loading='disabled'  data-av-desktop-hide=''  data-av-medium-hide=''  data-av-small-hide=''  data-av-mini-hide=''  data-alb_description=''  data-id=''  data-custom_class=''  data-template_class=''  data-av_uid='av-k0xplq1l'  data-sc_version='1.0'  data-ids=''  data-action=''  data-post_type='post, page, attachment, revision, nav_menu_item, custom_css, customize_changeset, oembed_cache, user_request, wp_block, wp_template, wp_template_part, wp_global_styles, wp_navigation, wp_font_family, wp_font_face, alb_custom_layout, avia_framework_post, portfolio'  data-offset='0'  data-container_links='active'  data-link_dest=''  data-lightbox_text=''  data-container_class='av-masonry-entries'  data-auto_ratio='1.7'  data-set_breadcrumb='1'  data-custom_markup=''  data-taxonomy='category'  data-categories='178,179,180'  data-avno='3df7b1924e'>Load more<\/a><\/div><\/div>\n","protected":false},"excerpt":{"rendered":"","protected":false},"author":1,"featured_media":0,"parent":0,"menu_order":0,"comment_status":"closed","ping_status":"closed","template":"","meta":{"footnotes":""},"class_list":["post-5599","page","type-page","status-publish","hentry"],"yoast_head":"<!-- This site is optimized with the Yoast SEO plugin v26.8 - https:\/\/yoast.com\/product\/yoast-seo-wordpress\/ -->\n<title>Newscast - Guillaume Verdier<\/title>\n<meta name=\"robots\" content=\"index, follow, max-snippet:-1, max-image-preview:large, max-video-preview:-1\" \/>\n<link rel=\"canonical\" href=\"https:\/\/www.guillaumeverdier.com\/en\/newscast-2\/\" \/>\n<meta property=\"og:locale\" content=\"en_US\" \/>\n<meta property=\"og:type\" content=\"article\" \/>\n<meta property=\"og:title\" content=\"Newscast - Guillaume Verdier\" \/>\n<meta property=\"og:url\" content=\"https:\/\/www.guillaumeverdier.com\/en\/newscast-2\/\" \/>\n<meta property=\"og:site_name\" content=\"Guillaume Verdier\" \/>\n<meta property=\"article:modified_time\" content=\"2023-11-21T09:14:57+00:00\" \/>\n<meta name=\"twitter:label1\" content=\"Est. reading time\" \/>\n\t<meta name=\"twitter:data1\" content=\"2 minutes\" \/>\n<script type=\"application\/ld+json\" class=\"yoast-schema-graph\">{\"@context\":\"https:\/\/schema.org\",\"@graph\":[{\"@type\":\"WebPage\",\"@id\":\"https:\/\/www.guillaumeverdier.com\/en\/newscast-2\/\",\"url\":\"https:\/\/www.guillaumeverdier.com\/en\/newscast-2\/\",\"name\":\"Newscast - Guillaume Verdier\",\"isPartOf\":{\"@id\":\"https:\/\/www.guillaumeverdier.com\/#website\"},\"datePublished\":\"2019-09-27T13:46:46+00:00\",\"dateModified\":\"2023-11-21T09:14:57+00:00\",\"breadcrumb\":{\"@id\":\"https:\/\/www.guillaumeverdier.com\/en\/newscast-2\/#breadcrumb\"},\"inLanguage\":\"en-US\",\"potentialAction\":[{\"@type\":\"ReadAction\",\"target\":[\"https:\/\/www.guillaumeverdier.com\/en\/newscast-2\/\"]}]},{\"@type\":\"BreadcrumbList\",\"@id\":\"https:\/\/www.guillaumeverdier.com\/en\/newscast-2\/#breadcrumb\",\"itemListElement\":[{\"@type\":\"ListItem\",\"position\":1,\"name\":\"Accueil\",\"item\":\"https:\/\/www.guillaumeverdier.com\/en\/\"},{\"@type\":\"ListItem\",\"position\":2,\"name\":\"Newscast\"}]},{\"@type\":\"WebSite\",\"@id\":\"https:\/\/www.guillaumeverdier.com\/#website\",\"url\":\"https:\/\/www.guillaumeverdier.com\/\",\"name\":\"Guillaume Verdier\",\"description\":\"Architecture Navale\",\"potentialAction\":[{\"@type\":\"SearchAction\",\"target\":{\"@type\":\"EntryPoint\",\"urlTemplate\":\"https:\/\/www.guillaumeverdier.com\/?s={search_term_string}\"},\"query-input\":{\"@type\":\"PropertyValueSpecification\",\"valueRequired\":true,\"valueName\":\"search_term_string\"}}],\"inLanguage\":\"en-US\"}]}<\/script>\n<!-- \/ Yoast SEO plugin. -->","yoast_head_json":{"title":"Newscast - Guillaume Verdier","robots":{"index":"index","follow":"follow","max-snippet":"max-snippet:-1","max-image-preview":"max-image-preview:large","max-video-preview":"max-video-preview:-1"},"canonical":"https:\/\/www.guillaumeverdier.com\/en\/newscast-2\/","og_locale":"en_US","og_type":"article","og_title":"Newscast - Guillaume Verdier","og_url":"https:\/\/www.guillaumeverdier.com\/en\/newscast-2\/","og_site_name":"Guillaume Verdier","article_modified_time":"2023-11-21T09:14:57+00:00","twitter_misc":{"Est. reading time":"2 minutes"},"schema":{"@context":"https:\/\/schema.org","@graph":[{"@type":"WebPage","@id":"https:\/\/www.guillaumeverdier.com\/en\/newscast-2\/","url":"https:\/\/www.guillaumeverdier.com\/en\/newscast-2\/","name":"Newscast - Guillaume Verdier","isPartOf":{"@id":"https:\/\/www.guillaumeverdier.com\/#website"},"datePublished":"2019-09-27T13:46:46+00:00","dateModified":"2023-11-21T09:14:57+00:00","breadcrumb":{"@id":"https:\/\/www.guillaumeverdier.com\/en\/newscast-2\/#breadcrumb"},"inLanguage":"en-US","potentialAction":[{"@type":"ReadAction","target":["https:\/\/www.guillaumeverdier.com\/en\/newscast-2\/"]}]},{"@type":"BreadcrumbList","@id":"https:\/\/www.guillaumeverdier.com\/en\/newscast-2\/#breadcrumb","itemListElement":[{"@type":"ListItem","position":1,"name":"Accueil","item":"https:\/\/www.guillaumeverdier.com\/en\/"},{"@type":"ListItem","position":2,"name":"Newscast"}]},{"@type":"WebSite","@id":"https:\/\/www.guillaumeverdier.com\/#website","url":"https:\/\/www.guillaumeverdier.com\/","name":"Guillaume Verdier","description":"Architecture Navale","potentialAction":[{"@type":"SearchAction","target":{"@type":"EntryPoint","urlTemplate":"https:\/\/www.guillaumeverdier.com\/?s={search_term_string}"},"query-input":{"@type":"PropertyValueSpecification","valueRequired":true,"valueName":"search_term_string"}}],"inLanguage":"en-US"}]}},"_links":{"self":[{"href":"https:\/\/www.guillaumeverdier.com\/en\/wp-json\/wp\/v2\/pages\/5599","targetHints":{"allow":["GET"]}}],"collection":[{"href":"https:\/\/www.guillaumeverdier.com\/en\/wp-json\/wp\/v2\/pages"}],"about":[{"href":"https:\/\/www.guillaumeverdier.com\/en\/wp-json\/wp\/v2\/types\/page"}],"author":[{"embeddable":true,"href":"https:\/\/www.guillaumeverdier.com\/en\/wp-json\/wp\/v2\/users\/1"}],"replies":[{"embeddable":true,"href":"https:\/\/www.guillaumeverdier.com\/en\/wp-json\/wp\/v2\/comments?post=5599"}],"version-history":[{"count":9,"href":"https:\/\/www.guillaumeverdier.com\/en\/wp-json\/wp\/v2\/pages\/5599\/revisions"}],"predecessor-version":[{"id":8063,"href":"https:\/\/www.guillaumeverdier.com\/en\/wp-json\/wp\/v2\/pages\/5599\/revisions\/8063"}],"wp:attachment":[{"href":"https:\/\/www.guillaumeverdier.com\/en\/wp-json\/wp\/v2\/media?parent=5599"}],"curies":[{"name":"wp","href":"https:\/\/api.w.org\/{rel}","templated":true}]}}